{"id":95,"date":"2021-03-11T08:47:50","date_gmt":"2021-03-11T07:47:50","guid":{"rendered":"http:\/\/www.uvpr.fr\/?page_id=95"},"modified":"2021-05-13T09:23:16","modified_gmt":"2021-05-13T07:23:16","slug":"histoire-du-label","status":"publish","type":"page","link":"https:\/\/www.uvpr.fr\/en\/histoire-du-label\/","title":{"rendered":"UVPR Vinyles' history"},"content":{"rendered":"<div data-elementor-type=\"wp-page\" data-elementor-id=\"95\" class=\"elementor elementor-95\" data-elementor-post-type=\"page\">\n\t\t\t\t\t\t<section class=\"elementor-section elementor-top-section elementor-element elementor-element-bf64836 elementor-section-full_width labelStoryEN elementor-section-height-default elementor-section-height-default\" data-id=\"bf64836\" data-element_type=\"section\" data-e-type=\"section\">\n\t\t\t\t\t\t<div class=\"elementor-container elementor-column-gap-default\">\n\t\t\t\t\t<div class=\"elementor-column elementor-col-100 elementor-top-column elementor-element elementor-element-cd3ea52\" data-id=\"cd3ea52\" data-element_type=\"column\" data-e-type=\"column\">\n\t\t\t<div class=\"elementor-widget-wrap elementor-element-populated\">\n\t\t\t\t\t\t<div class=\"elementor-element elementor-element-b8c8936 elementor-widget elementor-widget-heading\" data-id=\"b8c8936\" data-element_type=\"widget\" data-e-type=\"widget\" data-widget_type=\"heading.default\">\n\t\t\t\t<div class=\"elementor-widget-container\">\n\t\t\t\t\t<h1 class=\"elementor-heading-title elementor-size-default\">A brief history of Une Vie Pour Rien Vinyles<\/h1>\t\t\t\t<\/div>\n\t\t\t\t<\/div>\n\t\t\t\t\t<\/div>\n\t\t<\/div>\n\t\t\t\t\t<\/div>\n\t\t<\/section>\n\t\t\t\t<section class=\"elementor-section elementor-top-section elementor-element elementor-element-891a3b9 elementor-section-full_width labelStoryEN elementor-section-height-default elementor-section-height-default\" data-id=\"891a3b9\" data-element_type=\"section\" data-e-type=\"section\">\n\t\t\t\t\t\t<div class=\"elementor-container elementor-column-gap-wide\">\n\t\t\t\t\t<div class=\"elementor-column elementor-col-100 elementor-top-column elementor-element elementor-element-8e7cae4\" data-id=\"8e7cae4\" data-element_type=\"column\" data-e-type=\"column\">\n\t\t\t<div class=\"elementor-widget-wrap elementor-element-populated\">\n\t\t\t\t\t\t<div class=\"elementor-element elementor-element-625b72c elementor-widget elementor-widget-text-editor\" data-id=\"625b72c\" data-element_type=\"widget\" data-e-type=\"widget\" data-widget_type=\"text-editor.default\">\n\t\t\t\t<div class=\"elementor-widget-container\">\n\t\t\t\t\t\t\t\t\t<p>At the beginning, in 1997, UVPR? was a fanzine run by me (Ben) and David \u00ab\u00a0Little\u00a0\u00bb. It was the easiest way for me to support the scene. It was cheap, I had time. We put out seven issues in about 10 years. We finished with the three issues, #4, 6 and 7, where there was a 7&Prime;\u00a0 included where there were unreleased titles of the bands interviewed. It gave a first experience of how we released records. And it made us want to start the label. Karott joined the crew in 2004. And several friends give us a hand for many years, especially M\u00e9lib, Julien, and Juv\u00e9nile Raph our infographist.<br \/>One day we got the Janitors demo for the fanzine. It was a new band, from La Rochelle. We really liked it. It was great, rebellious, sung in French. It was a oi! band with young people.<br \/>The thing that didn\u2019t exist at this time. The Oi! scene was a bit aging at the time. There had been the Teckels, Toltshock. They were a little older guys. There, it was the big freshness and then the lyrics were great. The music had a punk 77 side, pretty raw, which I loved too. I interviewed them directly. We got along great right away.<br \/>So we thought we\u2019d put the label on because we didn\u2019t want this band to go unnoticed. That went on and then there was no reason to stop there.<br \/>We don\u2019t do any competitions specifically. If we find that there are records that are worth releasing, bands that we want to support, we release them. Over 60 records have been released thru UVPR Vinyles and UVPR Archives (our \u00ab\u00a0old bands\u00a0\u00bb sub-label) , and we always have the desire to continue. Ben<\/p>\t\t\t\t\t\t\t\t<\/div>\n\t\t\t\t<\/div>\n\t\t\t\t\t<\/div>\n\t\t<\/div>\n\t\t\t\t\t<\/div>\n\t\t<\/section>\n\t\t\t\t<section class=\"elementor-section elementor-top-section elementor-element elementor-element-c5e3817 elementor-section-full_width labelStoryFR elementor-section-height-default elementor-section-height-default\" data-id=\"c5e3817\" data-element_type=\"section\" data-e-type=\"section\">\n\t\t\t\t\t\t<div class=\"elementor-container elementor-column-gap-default\">\n\t\t\t\t\t<div class=\"elementor-column elementor-col-100 elementor-top-column elementor-element elementor-element-dfdd782\" data-id=\"dfdd782\" data-element_type=\"column\" data-e-type=\"column\">\n\t\t\t<div class=\"elementor-widget-wrap elementor-element-populated\">\n\t\t\t\t\t\t<div class=\"elementor-element elementor-element-b726955 elementor-widget elementor-widget-heading\" data-id=\"b726955\" data-element_type=\"widget\" data-e-type=\"widget\" data-widget_type=\"heading.default\">\n\t\t\t\t<div class=\"elementor-widget-container\">\n\t\t\t\t\t<h1 class=\"elementor-heading-title elementor-size-default\">Interview parue initialement dans Arvar Fanzine Mai 2018<\/h1>\t\t\t\t<\/div>\n\t\t\t\t<\/div>\n\t\t\t\t\t<\/div>\n\t\t<\/div>\n\t\t\t\t\t<\/div>\n\t\t<\/section>\n\t\t\t\t<section class=\"elementor-section elementor-top-section elementor-element elementor-element-093487c elementor-section-full_width labelStoryFR elementor-section-height-default elementor-section-height-default\" data-id=\"093487c\" data-element_type=\"section\" data-e-type=\"section\">\n\t\t\t\t\t\t<div class=\"elementor-container elementor-column-gap-wide\">\n\t\t\t\t\t<div class=\"elementor-column elementor-col-50 elementor-top-column elementor-element elementor-element-b1046a1\" data-id=\"b1046a1\" data-element_type=\"column\" data-e-type=\"column\">\n\t\t\t<div class=\"elementor-widget-wrap elementor-element-populated\">\n\t\t\t\t\t\t<div class=\"elementor-element elementor-element-fc1ac4c elementor-widget elementor-widget-text-editor\" data-id=\"fc1ac4c\" data-element_type=\"widget\" data-e-type=\"widget\" data-widget_type=\"text-editor.default\">\n\t\t\t\t<div class=\"elementor-widget-container\">\n\t\t\t\t\t\t\t\t\t<p><strong><em>Au d\u00e9part votre label n\u2019existait pas. C\u2019\u00e9tait un fanzine. Peux tu nous en dire plus Ben<\/em>\u00a0<\/strong>?<\/p><p class=\"translation-block\"><strong>Ben<\/strong> : Effectivement j\u2019ai commenc\u00e9 avec le fanzine UVPR en 1997 avec un pote, David. Je n\u2019avais pas d\u2019argent. Je n\u2019avais pas sp\u00e9cialement d\u2019id\u00e9es de ce que je voulais faire exactement mais je voulais soutenir la sc\u00e8ne, je voulais faire quelque chose.<br>Du coup le moyen le plus simple c\u2019\u00e9tait de faire un fanzine. \u00c7a ne co\u00fbtait pas cher, j\u2019avais du temps. Donc voil\u00e0, tout allait bien. J\u2019ai envoy\u00e9 des interviews \u00e0 des groupes et puis c\u2019est parti. Par la suite, j\u2019ai sorti sept num\u00e9ros en \u00e0 peu pr\u00e8s 10 ans. On a fini avec les deux num\u00e9ros, le 6 et le 7, o\u00f9 il y avait un 45T inclus o\u00f9 il y avait des titres des groupes interview\u00e9s. Des titres in\u00e9dits. \u00c7a nous a fait une premi\u00e8re exp\u00e9rience de comment on sortait des disques. Et \u00e7a nous a donn\u00e9 envie de monter le label.<\/p><p><em><strong>Et pourquoi avoir choisi un morceau de Camera Silens comme nom? Que repr\u00e9sente ce groupe pour vous ?<\/strong><\/em><\/p><p><strong>Ben\u00a0<\/strong>: Camera Silens a toujours \u00e9t\u00e9 mon groupe fran\u00e7ais pr\u00e9f\u00e9r\u00e9 au niveau punk\/Oi! Je ne me suis jamais lass\u00e9 du premier album. Au niveau des textes, il y a tout le c\u00f4t\u00e9 brut o\u00f9 l\u2019on raconte sa vie. Il n\u2019y a pas vraiment de r\u00e9flexion ou de prise de position politique.<\/p><p>De fa\u00e7on brute on raconte la vie de la rue, de la classe ouvri\u00e8re et c\u2019est tellement bien fait qu\u2019il y a aussi un c\u00f4t\u00e9 politique. Apr\u00e8s, j\u2019adore le deuxi\u00e8me album aussi. Ce nom, \u00ab\u00a0Une vie pour rien\u00a0\u00bb, c\u2019\u00e9tait un titre d\u2019une session in\u00e9dite apr\u00e8s le deuxi\u00e8me album. C\u2019est un morceau que j\u2019adorais, qui \u00e9tait jamais sorti \u00e0 l\u2019\u00e9poque. Donc il \u00e9tait un peu moins connu. Et puis, en rajoutant un point d\u2019interrogation, \u00e7a relativisait un peu le nom parce qu\u2019on ne faisait pas un fanzine pour parler de suicide.<\/p>\t\t\t\t\t\t\t\t<\/div>\n\t\t\t\t<\/div>\n\t\t\t\t\t<\/div>\n\t\t<\/div>\n\t\t\t\t<div class=\"elementor-column elementor-col-50 elementor-top-column elementor-element elementor-element-1e577d3\" data-id=\"1e577d3\" data-element_type=\"column\" data-e-type=\"column\">\n\t\t\t<div class=\"elementor-widget-wrap elementor-element-populated\">\n\t\t\t\t\t\t<div class=\"elementor-element elementor-element-87a7079 elementor-widget elementor-widget-image\" data-id=\"87a7079\" data-element_type=\"widget\" data-e-type=\"widget\" data-widget_type=\"image.default\">\n\t\t\t\t<div class=\"elementor-widget-container\">\n\t\t\t\t\t\t\t\t\t\t\t\t\t\t\t<img fetchpriority=\"high\" decoding=\"async\" width=\"425\" height=\"590\" src=\"https:\/\/www.uvpr.fr\/wp-content\/uploads\/2021\/03\/uvpr1_couv.jpg\" class=\"attachment-large size-large wp-image-206\" alt=\"Illustration punx &amp; skins Une Vie Pour Rien records\" srcset=\"https:\/\/www.uvpr.fr\/wp-content\/uploads\/2021\/03\/uvpr1_couv.jpg 425w, https:\/\/www.uvpr.fr\/wp-content\/uploads\/2021\/03\/uvpr1_couv-216x300.jpg 216w\" sizes=\"(max-width: 425px) 100vw, 425px\" \/>\t\t\t\t\t\t\t\t\t\t\t\t\t\t\t<\/div>\n\t\t\t\t<\/div>\n\t\t\t\t\t<\/div>\n\t\t<\/div>\n\t\t\t\t\t<\/div>\n\t\t<\/section>\n\t\t\t\t<section class=\"elementor-section elementor-top-section elementor-element elementor-element-e280a66 elementor-section-full_width labelStoryFR elementor-section-height-default elementor-section-height-default\" data-id=\"e280a66\" data-element_type=\"section\" data-e-type=\"section\">\n\t\t\t\t\t\t<div class=\"elementor-container elementor-column-gap-extended\">\n\t\t\t\t\t<div class=\"elementor-column elementor-col-33 elementor-top-column elementor-element elementor-element-ef88b56\" data-id=\"ef88b56\" data-element_type=\"column\" data-e-type=\"column\">\n\t\t\t<div class=\"elementor-widget-wrap elementor-element-populated\">\n\t\t\t\t\t\t<div class=\"elementor-element elementor-element-9e75d66 elementor-widget elementor-widget-image\" data-id=\"9e75d66\" data-element_type=\"widget\" data-e-type=\"widget\" data-widget_type=\"image.default\">\n\t\t\t\t<div class=\"elementor-widget-container\">\n\t\t\t\t\t\t\t\t\t\t\t\t\t\t\t<img decoding=\"async\" src=\"https:\/\/www.uvpr.fr\/wp-content\/uploads\/2021\/03\/166-454-CAMERA-SILENS.jpg\" title=\"166-454-CAMERA-SILENS.jpg\" alt=\"Camera Silens - R\u00e9alit\u00e9\" loading=\"lazy\" \/>\t\t\t\t\t\t\t\t\t\t\t\t\t\t\t<\/div>\n\t\t\t\t<\/div>\n\t\t\t\t\t<\/div>\n\t\t<\/div>\n\t\t\t\t<div class=\"elementor-column elementor-col-33 elementor-top-column elementor-element elementor-element-ff28b5e\" data-id=\"ff28b5e\" data-element_type=\"column\" data-e-type=\"column\">\n\t\t\t<div class=\"elementor-widget-wrap elementor-element-populated\">\n\t\t\t\t\t\t<div class=\"elementor-element elementor-element-495604e elementor-widget elementor-widget-image\" data-id=\"495604e\" data-element_type=\"widget\" data-e-type=\"widget\" data-widget_type=\"image.default\">\n\t\t\t\t<div class=\"elementor-widget-container\">\n\t\t\t\t\t\t\t\t\t\t\t\t\t\t\t<img decoding=\"async\" src=\"https:\/\/www.uvpr.fr\/wp-content\/uploads\/2021\/03\/169-453-CAMERA-SILENS-600x600.jpg\" title=\"CAMERA-SILENS_RienquentrainantLP.jpg\" alt=\"CAMERA SILENS Rien qu&#039;en trainant LP\" loading=\"lazy\" \/>\t\t\t\t\t\t\t\t\t\t\t\t\t\t\t<\/div>\n\t\t\t\t<\/div>\n\t\t\t\t\t<\/div>\n\t\t<\/div>\n\t\t\t\t<div class=\"elementor-column elementor-col-33 elementor-top-column elementor-element elementor-element-54af828\" data-id=\"54af828\" data-element_type=\"column\" data-e-type=\"column\">\n\t\t\t<div class=\"elementor-widget-wrap elementor-element-populated\">\n\t\t\t\t\t\t<div class=\"elementor-element elementor-element-9c54701 elementor-widget elementor-widget-image\" data-id=\"9c54701\" data-element_type=\"widget\" data-e-type=\"widget\" data-widget_type=\"image.default\">\n\t\t\t\t<div class=\"elementor-widget-container\">\n\t\t\t\t\t\t\t\t\t\t\t\t\t\t\t<img decoding=\"async\" src=\"https:\/\/www.uvpr.fr\/wp-content\/uploads\/2021\/03\/le-groupe-camera-silens1-600x600.jpg\" title=\"le-groupe-camera-silens1\" alt=\"le-groupe-camera-silens1\" loading=\"lazy\" \/>\t\t\t\t\t\t\t\t\t\t\t\t\t\t\t<\/div>\n\t\t\t\t<\/div>\n\t\t\t\t\t<\/div>\n\t\t<\/div>\n\t\t\t\t\t<\/div>\n\t\t<\/section>\n\t\t\t\t<section class=\"elementor-section elementor-top-section elementor-element elementor-element-0ea55f8 labelStoryFR elementor-section-boxed elementor-section-height-default elementor-section-height-default\" data-id=\"0ea55f8\" data-element_type=\"section\" data-e-type=\"section\">\n\t\t\t\t\t\t<div class=\"elementor-container elementor-column-gap-default\">\n\t\t\t\t\t<div class=\"elementor-column elementor-col-100 elementor-top-column elementor-element elementor-element-ce2292b\" data-id=\"ce2292b\" data-element_type=\"column\" data-e-type=\"column\">\n\t\t\t<div class=\"elementor-widget-wrap elementor-element-populated\">\n\t\t\t\t\t\t<div class=\"elementor-element elementor-element-6b2f935 elementor-widget elementor-widget-text-editor\" data-id=\"6b2f935\" data-element_type=\"widget\" data-e-type=\"widget\" data-widget_type=\"text-editor.default\">\n\t\t\t\t<div class=\"elementor-widget-container\">\n\t\t\t\t\t\t\t\t\t<p><em><strong>Et quand tu as commenc\u00e9 \u00e0 \u00e9voluer dans la culture punk\/Oi!, comment \u00e7a se passait les concerts ? T\u2019\u00e9tais \u00e0 Paris, non ?<\/strong><\/em><\/p><p><strong>Ben<\/strong>\u00a0: Oui, j\u2019\u00e9tais \u00e0 Paris. Le premier concert de Oi! o\u00f9 j\u2019ai \u00e9t\u00e9 c\u2019\u00e9tait Braindance \u00e0 Tergnier, un concert \u00e0 la campagne. Pour un petit punk de 16 ans \u00e7a pouvait faire un petit peu peur parce qu\u2019il y avait pas mal de sales t\u00eates, il y avait des bagarres \u00e0 la sortie et puis les gens un peu plus vieux nous disaient qu\u2019il fallait peut \u00eatre pas trop rester l\u00e0 \u00e0 boire des bi\u00e8res apr\u00e8s le concert.\u00a0<span style=\"font-size: 14px\">A l\u2019\u00e9poque \u00e7a pouvait \u00eatre un peu tendu comme le sont certains concerts maintenant mais c\u2019\u00e9tait peut \u00eatre un peu plus g\u00e9n\u00e9ralis\u00e9. Il n\u2019y avait pas non plus beaucoup de monde dans la sc\u00e8ne punk\/Oi!, il n\u2019y avait pas de groupe qui attirait un public un peu plus large. C\u2019\u00e9tait vraiment tr\u00e8s tr\u00e8s\u2026<\/span><\/p><p><strong>Karott :<\/strong>\u00a0Skinhead (rires).<\/p><p><strong>Ben :<\/strong>\u00a0Voila! (rires) Le public \u00e9tait tr\u00e8s tr\u00e8s resserr\u00e9. Et toi, Karott ?<\/p><p><strong>Karott :<\/strong>\u00a0Oh la! Le premier concert ? Plus dans les trucs Oi! ? Un de mes premiers concerts vraiment punk \u00e7a a \u00e9t\u00e9 Street Troopers en 1998 je crois. C\u2019est vrai que les skins \u00e9taient beaucoup plus \u00e2g\u00e9s que moi. \u00c7a faisait un peu peur. Et puis ils avaient leur bande, et moi j\u2019avais mon autre bande de copains, plus punks. Mais tr\u00e8s vite je suis all\u00e9e dans les concerts de Ska o\u00f9 il y avait aussi plein de skins et c\u2019\u00e9tait super.<br \/>Il y a eu une grosse explosion de Ska vers 98. Il y avait plein de groupes \u00e0 Montr\u00e9al.<br \/>Mais oui, c\u2019\u00e9tait un peu tendu car c\u2019\u00e9tait la grosse \u00e9poque o\u00f9 il y avait tous les nazis qui sortaient, le SHARP Montr\u00e9al qui se formait\u2026 Mais comme j\u2019\u00e9tais plus dans le truc de jeune punk, je voyais un peu moins les choses comme Ben.<\/p>\t\t\t\t\t\t\t\t<\/div>\n\t\t\t\t<\/div>\n\t\t\t\t<section class=\"elementor-section elementor-inner-section elementor-element elementor-element-dbb7b46 labelStoryFR elementor-section-boxed elementor-section-height-default elementor-section-height-default\" data-id=\"dbb7b46\" data-element_type=\"section\" data-e-type=\"section\">\n\t\t\t\t\t\t<div class=\"elementor-container elementor-column-gap-wider\">\n\t\t\t\t\t<div class=\"elementor-column elementor-col-50 elementor-inner-column elementor-element elementor-element-8b5a365\" data-id=\"8b5a365\" data-element_type=\"column\" data-e-type=\"column\">\n\t\t\t<div class=\"elementor-widget-wrap elementor-element-populated\">\n\t\t\t\t\t\t<div class=\"elementor-element elementor-element-6bb65c7 gallery-spacing-custom elementor-widget elementor-widget-image-gallery\" data-id=\"6bb65c7\" data-element_type=\"widget\" data-e-type=\"widget\" data-widget_type=\"image-gallery.default\">\n\t\t\t\t<div class=\"elementor-widget-container\">\n\t\t\t\t\t\t\t<div class=\"elementor-image-gallery\">\n\t\t\t<div id='gallery-1' class='gallery galleryid-95 gallery-columns-2 gallery-size-shop_catalog'><figure class='gallery-item'>\n\t\t\t<div class='gallery-icon landscape'>\n\t\t\t\t<img decoding=\"async\" width=\"300\" height=\"300\" src=\"https:\/\/www.uvpr.fr\/wp-content\/uploads\/2021\/03\/25-123-The-Janitors-Bloody-Boredom-EP-300x300.jpg\" class=\"attachment-shop_catalog size-shop_catalog\" alt=\"The Janitors - Bloody Boredom\" srcset=\"https:\/\/www.uvpr.fr\/wp-content\/uploads\/2021\/03\/25-123-The-Janitors-Bloody-Boredom-EP-300x300.jpg 300w, https:\/\/www.uvpr.fr\/wp-content\/uploads\/2021\/03\/25-123-The-Janitors-Bloody-Boredom-EP-150x150.jpg 150w, https:\/\/www.uvpr.fr\/wp-content\/uploads\/2021\/03\/25-123-The-Janitors-Bloody-Boredom-EP-100x100.jpg 100w, https:\/\/www.uvpr.fr\/wp-content\/uploads\/2021\/03\/25-123-The-Janitors-Bloody-Boredom-EP.jpg 420w\" sizes=\"(max-width: 300px) 100vw, 300px\" \/>\n\t\t\t<\/div><\/figure><figure class='gallery-item'>\n\t\t\t<div class='gallery-icon landscape'>\n\t\t\t\t<img decoding=\"async\" width=\"300\" height=\"300\" src=\"https:\/\/www.uvpr.fr\/wp-content\/uploads\/2021\/03\/GonnaGetYoursAThousandFacesLP-300x300.jpg\" class=\"attachment-shop_catalog size-shop_catalog\" alt=\"Gonna Get Yours - A Thousand Faces\" srcset=\"https:\/\/www.uvpr.fr\/wp-content\/uploads\/2021\/03\/GonnaGetYoursAThousandFacesLP-300x300.jpg 300w, https:\/\/www.uvpr.fr\/wp-content\/uploads\/2021\/03\/GonnaGetYoursAThousandFacesLP-150x150.jpg 150w, https:\/\/www.uvpr.fr\/wp-content\/uploads\/2021\/03\/GonnaGetYoursAThousandFacesLP-100x100.jpg 100w, https:\/\/www.uvpr.fr\/wp-content\/uploads\/2021\/03\/GonnaGetYoursAThousandFacesLP.jpg 600w\" sizes=\"(max-width: 300px) 100vw, 300px\" \/>\n\t\t\t<\/div><\/figure><figure class='gallery-item'>\n\t\t\t<div class='gallery-icon landscape'>\n\t\t\t\t<img loading=\"lazy\" decoding=\"async\" width=\"300\" height=\"300\" src=\"https:\/\/www.uvpr.fr\/wp-content\/uploads\/2021\/03\/160-436-BROMURE-300x300.jpg\" class=\"attachment-shop_catalog size-shop_catalog\" alt=\"Bromure Album CD\" srcset=\"https:\/\/www.uvpr.fr\/wp-content\/uploads\/2021\/03\/160-436-BROMURE-300x300.jpg 300w, https:\/\/www.uvpr.fr\/wp-content\/uploads\/2021\/03\/160-436-BROMURE-150x150.jpg 150w, https:\/\/www.uvpr.fr\/wp-content\/uploads\/2021\/03\/160-436-BROMURE-100x100.jpg 100w\" sizes=\"(max-width: 300px) 100vw, 300px\" \/>\n\t\t\t<\/div><\/figure><figure class='gallery-item'>\n\t\t\t<div class='gallery-icon landscape'>\n\t\t\t\t<img loading=\"lazy\" decoding=\"async\" width=\"300\" height=\"300\" src=\"https:\/\/www.uvpr.fr\/wp-content\/uploads\/2021\/03\/124-365-LIONS-LAW-Bleu-300x300.jpg\" class=\"attachment-shop_catalog size-shop_catalog\" alt=\"LION&#039;S LAW - Faceless victim 7&quot;\" srcset=\"https:\/\/www.uvpr.fr\/wp-content\/uploads\/2021\/03\/124-365-LIONS-LAW-Bleu-300x300.jpg 300w, https:\/\/www.uvpr.fr\/wp-content\/uploads\/2021\/03\/124-365-LIONS-LAW-Bleu-150x150.jpg 150w, https:\/\/www.uvpr.fr\/wp-content\/uploads\/2021\/03\/124-365-LIONS-LAW-Bleu-100x100.jpg 100w, https:\/\/www.uvpr.fr\/wp-content\/uploads\/2021\/03\/124-365-LIONS-LAW-Bleu.jpg 591w\" sizes=\"(max-width: 300px) 100vw, 300px\" \/>\n\t\t\t<\/div><\/figure><figure class='gallery-item'>\n\t\t\t<div class='gallery-icon landscape'>\n\t\t\t\t<img loading=\"lazy\" decoding=\"async\" width=\"300\" height=\"300\" src=\"https:\/\/www.uvpr.fr\/wp-content\/uploads\/2021\/03\/183-478-COLLISION-pochette-bis-300x300.jpg\" class=\"attachment-shop_catalog size-shop_catalog\" alt=\"Collision - Immortels\" srcset=\"https:\/\/www.uvpr.fr\/wp-content\/uploads\/2021\/03\/183-478-COLLISION-pochette-bis-300x300.jpg 300w, https:\/\/www.uvpr.fr\/wp-content\/uploads\/2021\/03\/183-478-COLLISION-pochette-bis-1024x1024.jpg 1024w, https:\/\/www.uvpr.fr\/wp-content\/uploads\/2021\/03\/183-478-COLLISION-pochette-bis-150x150.jpg 150w, https:\/\/www.uvpr.fr\/wp-content\/uploads\/2021\/03\/183-478-COLLISION-pochette-bis-768x768.jpg 768w, https:\/\/www.uvpr.fr\/wp-content\/uploads\/2021\/03\/183-478-COLLISION-pochette-bis-600x600.jpg 600w, https:\/\/www.uvpr.fr\/wp-content\/uploads\/2021\/03\/183-478-COLLISION-pochette-bis-100x100.jpg 100w, https:\/\/www.uvpr.fr\/wp-content\/uploads\/2021\/03\/183-478-COLLISION-pochette-bis.jpg 1063w\" sizes=\"(max-width: 300px) 100vw, 300px\" \/>\n\t\t\t<\/div><\/figure>\n\t\t<\/div>\n\t\t<\/div>\n\t\t\t\t\t\t<\/div>\n\t\t\t\t<\/div>\n\t\t\t\t\t<\/div>\n\t\t<\/div>\n\t\t\t\t<div class=\"elementor-column elementor-col-50 elementor-inner-column elementor-element elementor-element-3e1238d\" data-id=\"3e1238d\" data-element_type=\"column\" data-e-type=\"column\">\n\t\t\t<div class=\"elementor-widget-wrap elementor-element-populated\">\n\t\t\t\t\t\t<div class=\"elementor-element elementor-element-6f07a5b elementor-widget elementor-widget-text-editor\" data-id=\"6f07a5b\" data-element_type=\"widget\" data-e-type=\"widget\" data-widget_type=\"text-editor.default\">\n\t\t\t\t<div class=\"elementor-widget-container\">\n\t\t\t\t\t\t\t\t\t<p class=\"interviewer\"><em><strong>Et le label, comment c\u2019est arriv\u00e9 dans tout \u00e7a ?<\/strong><\/em><\/p><p><strong>Ben :<\/strong>\u00a0Et bien nous avons re\u00e7u, un jour, la d\u00e9mo des Janitors pour le fanzine. C\u2019\u00e9tait un nouveau groupe, de La Rochelle. J\u2019ai vraiment tripp\u00e9 sur leur d\u00e9mo. C\u2019\u00e9tait g\u00e9nial, rebelle, chant\u00e9 en fran\u00e7ais. C\u2019\u00e9tait un groupe de Oi! avec des jeunes.<br \/>Le truc qui existait plus. La sc\u00e8ne Oi! \u00e9tait un peu vieillissante \u00e0 ce moment l\u00e0. Il y avait eu quand m\u00eame les Teckels, Toltshock. C\u2019\u00e9tait des gars un peu plus \u00e2g\u00e9s. L\u00e0, c\u2019\u00e9tait la grosse fraicheur et puis les textes \u00e9taient g\u00e9niaux. La musique avait un c\u00f4t\u00e9 punk 77, assez brut, que j\u2019adorais aussi. Je les ai interview\u00e9s direct. On s\u2019est super bien entendus de suite.<\/p><p>Et je me suis dit : \u00ab\u00a0qui va sortir ce groupe-l\u00e0 ?\u00a0\u00bb. Il y avait des petits labels qui sortaient des disques mais ils ne faisaient pas le m\u00eame boulot que les gros labels allemands : soutenir un disque, organiser une tourn\u00e9e, faire la promo. Bref, pas seulement sortir le disque et attendre que \u00e7a se passe. Donc je me suis dit que je monterais bien le label parce que je ne voulais pas que ce groupe passe inaper\u00e7u. C\u2019est parti l\u00e0-dessus et apr\u00e8s il n\u2019y avait pas de raison de s\u2019arr\u00eater l\u00e0.<br \/>On avait rencontr\u00e9 les gars de Swingo Porkies qui nous avaient fil\u00e9 une cassette avec deux titres in\u00e9dits. On a donc lanc\u00e9 le label avec ces deux premi\u00e8res prods. Swingo Porkies a permis, en tant que vieux groupe, de faire conna\u00eetre le groupe r\u00e9cent. Et comme \u00e7a nous a bien plu de sortir ces premiers disques, on a continu\u00e9.<\/p><p><strong>Karott<\/strong>\u00a0: \u00c7a c\u2019\u00e9tait en 2004. Bient\u00f4t 14 ans\u2026 M\u2026de! (rires)<\/p><p><strong>Ben :<\/strong>\u00a0Oui, on faisait encore le fanzine en parall\u00e8le.<\/p>\t\t\t\t\t\t\t\t<\/div>\n\t\t\t\t<\/div>\n\t\t\t\t\t<\/div>\n\t\t<\/div>\n\t\t\t\t\t<\/div>\n\t\t<\/section>\n\t\t\t\t<div class=\"elementor-element elementor-element-8ca98d1 elementor-widget elementor-widget-text-editor\" data-id=\"8ca98d1\" data-element_type=\"widget\" data-e-type=\"widget\" data-widget_type=\"text-editor.default\">\n\t\t\t\t<div class=\"elementor-widget-container\">\n\t\t\t\t\t\t\t\t\t<p><em><strong>Combien de vinyles avez vous sortis?<\/strong><\/em><\/p><p><strong>Ben<\/strong>: On est en train de pr\u00e9parer la prod num\u00e9ro 47, l\u2019album de Gonna Get Yours, qui sort le 19 mai.<\/p><p><strong>Karott<\/strong>\u00a0: \u00ab\u00a0A thousand faces\u00a0\u00bb.<\/p><p><strong>Ben :<\/strong>\u00a0On a fait une petite collection parall\u00e8le qui s\u2019appelle UVPR Archives avec les albums de l\u2019Infanterie Sauvage, Swingo Porkies\u2026 Des r\u00e9\u00e9ditions d\u2019anciens groupes qu\u2019on nous a propos\u00e9es. Mais on fait pas de concours sp\u00e9cialement. Si on trouve qu\u2019il y a des disques qui valent le coup d\u2019\u00eatre sortis, des groupes qu\u2019on a envie de soutenir, on les sort. Apr\u00e8s s\u2019il y a un moment o\u00f9 on n\u2019a pas le temps de sortir des disques, o\u00f9 on ne trouve pas de groupes sp\u00e9cialement int\u00e9ressants ou \u00e0 notre go\u00fbt, on ne sort pas de disque, \u00e7a ne nous d\u00e9range pas. On fait \u00e7a totalement b\u00e9n\u00e9volement, en mode associatif donc on n\u2019a pas du tout de contrainte financi\u00e8re.<\/p><p><strong>Karott :<\/strong>\u00a0Je trouve aussi que l\u2019int\u00e9r\u00eat du label c\u2019est qu\u2019on organise parall\u00e8lement des concerts.<\/p><p>\u00a0<\/p><p><strong><em>Comment se sont pass\u00e9s les d\u00e9buts du label ?<\/em><\/strong><\/p><p><strong>Ben :<\/strong>\u00a0D\u00e9j\u00e0 c\u2019\u00e9tait pas pareil qu\u2019aujourd\u2019hui. Au d\u00e9but d\u2019un label il faut arriver \u00e0 se faire conna\u00eetre. L\u2019id\u00e9e d\u2019un label c\u2019est quand m\u00eame que quand on sort une nouvelle production il y ait tout un tas de gens qui se disent \u00ab\u00a0j\u2019ai d\u00e9j\u00e0 eu des trucs de ce label-l\u00e0, c\u2019\u00e9tait bien du coup je vais aller voir ce que \u00e7a donne et si \u00e7a me plait je l\u2019ach\u00e8terai.. ou je l\u2019ach\u00e8terai pas mais je le t\u00e9l\u00e9chargerai et j\u2019irai voir le groupe en concert\u00a0\u00bb. Bref, c\u2019est int\u00e9ressant pour \u00e7a aussi. Nous on s\u2019en fout que les gens ach\u00e8tent ou pas.<\/p><p><strong>Karott :<\/strong>\u00a0Faut pas oublier qu\u2019en 2004 il n\u2019y avait pas Facebook. On envoyait beaucoup de promo dans les fanzines pour faire conna\u00eetre le label, chose que maintenant on ne fait plus.<\/p><p><strong>Ben :<\/strong>\u00a0On le fait diff\u00e9remment parce qu\u2019avant, effectivement , il fallait envoyer les disques, faire des cds grav\u00e9s de promo, des pr\u00e9sentations compl\u00e8tes, organiser des tourn\u00e9es pour les groupes, chose qu\u2019ils font eux-m\u00eames maintenant.<br \/>Au d\u00e9but du label on \u00e9tait connus par le fanzine donc on avait un petit r\u00e9seau mais on n\u2019\u00e9tait pas connus en tant que label. Donc il y avait tout \u00e0 prouver et puis la Oi! fran\u00e7aise c\u2019\u00e9tait tr\u00e8s anecdotique en dehors de la France. C\u2019est \u00e0 dire que nous avons vendu nos premi\u00e8res prods beaucoup en France mais en dehors, on ramait. Sauf en Allemagne, d\u00e8s le d\u00e9but.<\/p><p><strong>Karott :<\/strong>\u00a0Au Pays Basque, en Espagne\u2026<\/p><p><strong>Ben :<\/strong> Oui, mais c\u2019est venu apr\u00e8s. Parce qu\u2019on a fait un travail aupr\u00e8s des fanzines. On s\u2019est fait conna\u00eetre aupr\u00e8s d\u2019eux et tous les fanzines espagnols se sont transform\u00e9s en labels et en distros. Aux \u00c9tats-Unis\/Am\u00e9rique du Nord on n\u2019a pas eu de distributeurs pendant des ann\u00e9es.C\u2019est hyper dur d\u2019y \u00eatre distribu\u00e9s mais depuis Maraboots<\/p><p>et ensuite bien s\u00fbr Lion\u2019s Law on a eu \u00e9norm\u00e9ment de distributeurs qui nous ont contact\u00e9s. Voire des labels pour faire des versions US des disques, pour Lion\u2019s Law, bien s\u00fbr, mais aussi pour Maraboots, m\u00eame si \u00e7a ne s\u2019est pas fait ou pour Bromure et le split avec Street Troopers.<\/p><p>C\u2019est des trucs qui existaient pas avant parce que la Oi! fran\u00e7aise n\u2019int\u00e9ressait pas grand monde en dehors de la France et de quelques connaisseurs en Allemagne.<br \/>Il y a aussi une autre difficult\u00e9 quand tu commences un label : quand tu sors un disque, avant de sortir le suivant il faut avoir r\u00e9cup\u00e9r\u00e9 un peu d\u2019argent et avant de r\u00e9cup\u00e9rer l\u2019argent, \u00e7a prend beau-coup de temps, surtout avec les vinyles. On vend encore des disques qu\u2019on a sortis il y a 10 ans. Maintenant on a de l\u2019argent sur le compte du label mais au d\u00e9but, \u00e0 chaque nouvelle prod on \u00e9tait oblig\u00e9s de mettre de l\u2019argent personnel. Donc financi\u00e8rement c\u2019\u00e9tait plus compliqu\u00e9. Maintenant on fonctionne en autonomie. Avec les ventes du label on arrive \u00e0 financer les nouvelles productions.<\/p><div class=\"polaroidStyle historyPageMediaGonna\">\u00a0<\/div>\t\t\t\t\t\t\t\t<\/div>\n\t\t\t\t<\/div>\n\t\t\t\t\t<\/div>\n\t\t<\/div>\n\t\t\t\t\t<\/div>\n\t\t<\/section>\n\t\t\t\t<section class=\"elementor-section elementor-top-section elementor-element elementor-element-624d4e4 elementor-section-full_width labelStoryFR elementor-section-height-default elementor-section-height-default\" data-id=\"624d4e4\" data-element_type=\"section\" data-e-type=\"section\">\n\t\t\t\t\t\t<div class=\"elementor-container elementor-column-gap-extended\">\n\t\t\t\t\t<div class=\"elementor-column elementor-col-33 elementor-top-column elementor-element elementor-element-b4ee9e8\" data-id=\"b4ee9e8\" data-element_type=\"column\" data-e-type=\"column\">\n\t\t\t<div class=\"elementor-widget-wrap elementor-element-populated\">\n\t\t\t\t\t\t<div class=\"elementor-element elementor-element-06256ba elementor-widget elementor-widget-image\" data-id=\"06256ba\" data-element_type=\"widget\" data-e-type=\"widget\" data-widget_type=\"image.default\">\n\t\t\t\t<div class=\"elementor-widget-container\">\n\t\t\t\t\t\t\t\t\t\t\t\t\t\t\t<img decoding=\"async\" src=\"https:\/\/www.uvpr.fr\/wp-content\/uploads\/2021\/03\/125-366-8\u00b06-CREW-600x592.jpg\" title=\"125-366-8\u00b06-CREW.jpg\" alt=\"8\u00b06 CREW - Working class reggae LP\" loading=\"lazy\" \/>\t\t\t\t\t\t\t\t\t\t\t\t\t\t\t<\/div>\n\t\t\t\t<\/div>\n\t\t\t\t\t<\/div>\n\t\t<\/div>\n\t\t\t\t<div class=\"elementor-column elementor-col-33 elementor-top-column elementor-element elementor-element-2bae6b3\" data-id=\"2bae6b3\" data-element_type=\"column\" data-e-type=\"column\">\n\t\t\t<div class=\"elementor-widget-wrap elementor-element-populated\">\n\t\t\t\t\t\t<div class=\"elementor-element elementor-element-96c85b7 elementor-widget elementor-widget-image\" data-id=\"96c85b7\" data-element_type=\"widget\" data-e-type=\"widget\" data-widget_type=\"image.default\">\n\t\t\t\t<div class=\"elementor-widget-container\">\n\t\t\t\t\t\t\t\t\t\t\t\t\t\t\t<img decoding=\"async\" src=\"https:\/\/www.uvpr.fr\/wp-content\/uploads\/2021\/03\/100-315-LINFANTERIE-SAUVAGE-600x608.jpg\" title=\"100-315-LINFANTERIE-SAUVAGE.jpg\" alt=\"L&#039;INFANTERIE SAUVAGE - Studio et d\u00e9mos volume 1 (1984-83) LP\" loading=\"lazy\" \/>\t\t\t\t\t\t\t\t\t\t\t\t\t\t\t<\/div>\n\t\t\t\t<\/div>\n\t\t\t\t\t<\/div>\n\t\t<\/div>\n\t\t\t\t<div class=\"elementor-column elementor-col-33 elementor-top-column elementor-element elementor-element-1176db5\" data-id=\"1176db5\" data-element_type=\"column\" data-e-type=\"column\">\n\t\t\t<div class=\"elementor-widget-wrap elementor-element-populated\">\n\t\t\t\t\t\t<div class=\"elementor-element elementor-element-2be21d5 elementor-widget elementor-widget-image\" data-id=\"2be21d5\" data-element_type=\"widget\" data-e-type=\"widget\" data-widget_type=\"image.default\">\n\t\t\t\t<div class=\"elementor-widget-container\">\n\t\t\t\t\t\t\t\t\t\t\t\t\t\t\t<img decoding=\"async\" src=\"https:\/\/www.uvpr.fr\/wp-content\/uploads\/2021\/03\/113-340-OUTREAU-2eme-EP-pochette-600x602.jpg\" title=\"113-340-OUTREAU-2eme-EP-pochette.jpg\" alt=\"OUTREAU 2\u00e8me EP\" loading=\"lazy\" \/>\t\t\t\t\t\t\t\t\t\t\t\t\t\t\t<\/div>\n\t\t\t\t<\/div>\n\t\t\t\t\t<\/div>\n\t\t<\/div>\n\t\t\t\t\t<\/div>\n\t\t<\/section>\n\t\t\t\t<section class=\"elementor-section elementor-top-section elementor-element elementor-element-b56f7a3 elementor-section-full_width labelStoryFR elementor-section-height-default elementor-section-height-default\" data-id=\"b56f7a3\" data-element_type=\"section\" data-e-type=\"section\">\n\t\t\t\t\t\t<div class=\"elementor-container elementor-column-gap-default\">\n\t\t\t\t\t<div class=\"elementor-column elementor-col-100 elementor-top-column elementor-element elementor-element-d808392\" data-id=\"d808392\" data-element_type=\"column\" data-e-type=\"column\">\n\t\t\t<div class=\"elementor-widget-wrap elementor-element-populated\">\n\t\t\t\t\t\t<div class=\"elementor-element elementor-element-f0ed393 elementor-widget elementor-widget-text-editor\" data-id=\"f0ed393\" data-element_type=\"widget\" data-e-type=\"widget\" data-widget_type=\"text-editor.default\">\n\t\t\t\t<div class=\"elementor-widget-container\">\n\t\t\t\t\t\t\t\t\t<p><em><strong>Avez vous eu l\u2019occasion de sortir un vinyle qui sortait de l\u2019ordinaire, un coup de c\u0153ur ?<\/strong><\/em><\/p><p><strong>Karott :<\/strong>\u00a0Un truc juste pour se faire plaisir, comme \u00e7a ? Je trouve que tous les disques ont une histoire sp\u00e9ciale\u2026 Les disques de 8\u00b06 Crew\u2026 c\u2019est un des premiers groupes que j\u2019ai vraiment \u00e9cout\u00e9, aim\u00e9, suivi, appr\u00e9ci\u00e9.<\/p><p><strong>Ben :<\/strong>\u00a08\u00b06 Crew c\u2019est un groupe que je suis depuis leur tout d\u00e9but.Je les ai interview\u00e9s la premi\u00e8re fois que je les ai vus. C\u2019\u00e9tait leur deuxi\u00e8me concert. C\u2019est le groupe que j\u2019ai vu le plus dans ma vie. J\u2019ai du les voir quarante fois jusqu\u2019\u00e0 leur premier split, d\u00e9but des ann\u00e9es 2000, c\u2019est \u00e0 dire les 5 premi\u00e8res ann\u00e9es du groupe. J\u2019ai pas rat\u00e9 beaucoup de leurs concerts \u00e0 Paris. Tous les morceaux d&rsquo;\u00a0\u00bbOld Reggae Friends\u00a0\u00bb je les connaissais par c\u0153ur avant qu\u2019on ne re\u00e7oive les enregistrements. Quand on a sorti cet album, c\u2019\u00e9tait des titres qui me tenaient \u00e0 c\u0153ur depuis super longtemps. On peut dire que cet album est vraiment un coup de c\u0153ur. Je suis d\u2019accord avec Karott.<\/p><p><strong>Karott :<\/strong>\u00a0Je rajouterais aussi l\u2019Infanterie Sauvage parce que \u00e7a a \u00e9t\u00e9 un des premiers groupes que j\u2019ai \u00e9cout\u00e9 en Oi! fran\u00e7aise. Et j\u2019ai trouv\u00e9 \u00e7a super cool de sortir des archives parce que c\u2019est un truc que j\u2019avais en cassette, que j\u2019ai \u00e9cout\u00e9 tr\u00e8s jeune. Toi \u00e7a t\u2019a pas fait un truc sp\u00e9cial l\u2019Infanterie?<\/p><p><strong>Ben :<\/strong>\u00a0C\u2019est surtout que j\u2019avais bien us\u00e9 les cassettes (rires) J\u2019avais pas beaucoup \u00e0 \u00e9couter les disques qu\u2019on a sortis parce que j\u2019avais l\u2019impression de conna\u00eetre les cassettes par c\u0153ur.<\/p><p><em><strong>Pourriez-vous nous conseiller l\u2019\u00e9coute d\u2019un ou deux bons groupes en particulier ?<\/strong><\/em><\/p><p><strong>Ben :<\/strong>\u00a0Je parlerais bien d\u2019un album qui est pass\u00e9 un peu inaper\u00e7u en France et on a soutenu cette sortie-l\u00e0 : c\u2019est Doubling Boys, groupe basque ressorti en vinyle par\u00a0<a href=\"https:\/\/www.primatorcrew.com\/\" target=\"_blank\" rel=\"noopener\">Primator Crew<\/a>. Un super album qu\u2019on a \u00e9cout\u00e9 en boucle quand il \u00e9tait sorti en cd. Le probl\u00e8me de sortir un album en vinyle six ans apr\u00e8s le cd, c\u2019est que \u00e7a ne fait pas un \u00e9v\u00e9nement pareil que quand c\u2019est une premi\u00e8re sortie.<br \/>Et plus proche de nous on a eu le week-end dernier Ann\u00e9es Zero de Lille qui ont jou\u00e9 dans un squat \u00e0 Nantes et c\u2019\u00e9tait g\u00e9nial, vraiment violent et super bon.<\/p><p><strong>Karott :<\/strong>\u00a0La cassette est carr\u00e9ment cool et les textes sont super bien. Je trouve qu\u2019il y a toujours eu un truc sp\u00e9cial \u00e0 Lille\u2026 Tra\u00eetre, Douche Froide.<\/p><p><strong>Ben :<\/strong>\u00a0Short Days\u2026<\/p><p><strong>Karott :<\/strong>\u00a0Short Days, super bien!<\/p><p><strong>Ben :<\/strong>\u00a0Une sc\u00e8ne qu\u2019on soutient depuis un moment.<\/p><p><strong>Karott :<\/strong>\u00a0Super bon esprit<\/p><p><em><strong>Des conseils \u00e0 donner aux jeunes qui voudraient faire vivre la sc\u00e8ne ?<\/strong><\/em><\/p><p><strong>Ben :<\/strong>\u00a0Si t\u2019as un peu de temps et pas beaucoup d\u2019argent, comme pas mal de jeunes, fais un fanzine. Je me dis que vous avez bien raison car moi \u00e7a a \u00e9t\u00e9 une super exp\u00e9rience de faire un fanzine. Je regrette de maintenant ne plus avoir assez de temps et peut \u00eatre de motivation pour continuer \u00e0 faire un fanzine mais j\u2019ai toujours trouv\u00e9 \u00e7a g\u00e9nial.<\/p><p><strong>Karott :<\/strong>\u00a0C\u2019est vrai qu\u2019avec les ann\u00e9es on a beaucoup voyag\u00e9 gr\u00e2ce au fanzine. Ben a eu plein de contacts et puis apr\u00e8s les gens l\u2019ont invit\u00e9\u2026 puis nous ont invit\u00e9s.<\/p><p><strong>Ben :<\/strong>\u00a0On a rencontr\u00e9 beaucoup de monde, que ce soit des groupes, d\u2019autres fanzineux\u2026<\/p><p><strong>Karott :<\/strong>\u00a0Des gens qui avaient juste lu UVPR? dans les toilettes de chez un pote. On peut dire que partout en Europe il y a des fanzines Une vie pour Rien. Sinon, allez aux concerts, organisez des concerts aussi!<\/p><p><strong>Ben :<\/strong>\u00a0\u00c7a demande un peu plus de contacts, un peu plus\u2026<\/p><p><strong>Karott :<\/strong>\u00a0D\u2019orga\u2026 Mais d\u00e9j\u00e0, aller dans les concerts, rencontrer des gens. \u00c7a donnera peut \u00eatre aussi l\u2019envie de prendre un instrument et jouer dans un groupe.Mais c\u2019est une autre histoire!<br \/>Carry on et \u00e0 bient\u00f4t en concert!<\/p><p><strong>An daou asambles :<\/strong>\u00a0Kenavo!<\/p>\t\t\t\t\t\t\t\t<\/div>\n\t\t\t\t<\/div>\n\t\t\t\t\t<\/div>\n\t\t<\/div>\n\t\t\t\t\t<\/div>\n\t\t<\/section>\n\t\t\t\t<section class=\"elementor-section elementor-top-section elementor-element elementor-element-8d65578 elementor-section-full_width labelStoryFR elementor-section-height-default elementor-section-height-default\" data-id=\"8d65578\" data-element_type=\"section\" data-e-type=\"section\">\n\t\t\t\t\t\t<div class=\"elementor-container elementor-column-gap-extended\">\n\t\t\t\t\t<div class=\"elementor-column elementor-col-25 elementor-top-column elementor-element elementor-element-d82726f\" data-id=\"d82726f\" data-element_type=\"column\" data-e-type=\"column\">\n\t\t\t<div class=\"elementor-widget-wrap elementor-element-populated\">\n\t\t\t\t\t\t<div class=\"elementor-element elementor-element-9efb49a elementor-widget elementor-widget-image\" data-id=\"9efb49a\" data-element_type=\"widget\" data-e-type=\"widget\" data-widget_type=\"image.default\">\n\t\t\t\t<div class=\"elementor-widget-container\">\n\t\t\t\t\t\t\t\t\t\t\t\t\t\t\t<img loading=\"lazy\" decoding=\"async\" width=\"300\" height=\"300\" src=\"https:\/\/www.uvpr.fr\/wp-content\/uploads\/2021\/03\/Doubling-Boys-e1616685529955-300x300.jpg\" class=\"attachment-medium size-medium wp-image-581\" alt=\"\" srcset=\"https:\/\/www.uvpr.fr\/wp-content\/uploads\/2021\/03\/Doubling-Boys-e1616685529955-300x300.jpg 300w, https:\/\/www.uvpr.fr\/wp-content\/uploads\/2021\/03\/Doubling-Boys-e1616685529955-150x150.jpg 150w, https:\/\/www.uvpr.fr\/wp-content\/uploads\/2021\/03\/Doubling-Boys-e1616685529955-100x100.jpg 100w, https:\/\/www.uvpr.fr\/wp-content\/uploads\/2021\/03\/Doubling-Boys-e1616685529955.jpg 470w\" sizes=\"(max-width: 300px) 100vw, 300px\">\t\t\t\t\t\t\t\t\t\t\t\t\t\t\t<\/div>\n\t\t\t\t<\/div>\n\t\t\t\t\t<\/div>\n\t\t<\/div>\n\t\t\t\t<div class=\"elementor-column elementor-col-25 elementor-top-column elementor-element elementor-element-4e113ad\" data-id=\"4e113ad\" data-element_type=\"column\" data-e-type=\"column\">\n\t\t\t<div class=\"elementor-widget-wrap elementor-element-populated\">\n\t\t\t\t\t\t<div class=\"elementor-element elementor-element-eec1665 elementor-widget elementor-widget-image\" data-id=\"eec1665\" data-element_type=\"widget\" data-e-type=\"widget\" data-widget_type=\"image.default\">\n\t\t\t\t<div class=\"elementor-widget-container\">\n\t\t\t\t\t\t\t\t\t\t\t\t\t\t\t<img decoding=\"async\" src=\"https:\/\/www.uvpr.fr\/wp-content\/uploads\/2021\/03\/shortdays.jpg\" title=\"shortdays\" alt=\"Short Days - Endless Winter b\/w pigs in blue\" loading=\"lazy\" \/>\t\t\t\t\t\t\t\t\t\t\t\t\t\t\t<\/div>\n\t\t\t\t<\/div>\n\t\t\t\t\t<\/div>\n\t\t<\/div>\n\t\t\t\t<div class=\"elementor-column elementor-col-25 elementor-top-column elementor-element elementor-element-4999dc8\" data-id=\"4999dc8\" data-element_type=\"column\" data-e-type=\"column\">\n\t\t\t<div class=\"elementor-widget-wrap elementor-element-populated\">\n\t\t\t\t\t\t<div class=\"elementor-element elementor-element-5e70186 elementor-widget elementor-widget-image\" data-id=\"5e70186\" data-element_type=\"widget\" data-e-type=\"widget\" data-widget_type=\"image.default\">\n\t\t\t\t<div class=\"elementor-widget-container\">\n\t\t\t\t\t\t\t\t\t\t\t\t\t\t\t<img decoding=\"async\" src=\"https:\/\/www.uvpr.fr\/wp-content\/uploads\/2021\/03\/zero-600x600.jpg\" title=\"zero\" alt=\"Ann\u00e9es Z\u00e9ro\" loading=\"lazy\" \/>\t\t\t\t\t\t\t\t\t\t\t\t\t\t\t<\/div>\n\t\t\t\t<\/div>\n\t\t\t\t\t<\/div>\n\t\t<\/div>\n\t\t\t\t<div class=\"elementor-column elementor-col-25 elementor-top-column elementor-element elementor-element-9da6dab\" data-id=\"9da6dab\" data-element_type=\"column\" data-e-type=\"column\">\n\t\t\t<div class=\"elementor-widget-wrap elementor-element-populated\">\n\t\t\t\t\t\t<div class=\"elementor-element elementor-element-2e24df5 elementor-widget elementor-widget-image\" data-id=\"2e24df5\" data-element_type=\"widget\" data-e-type=\"widget\" data-widget_type=\"image.default\">\n\t\t\t\t<div class=\"elementor-widget-container\">\n\t\t\t\t\t\t\t\t\t\t\t\t\t\t\t<img decoding=\"async\" src=\"https:\/\/www.uvpr.fr\/wp-content\/uploads\/2021\/03\/traitre-600x600.jpeg\" title=\"traitre\" alt=\"Traitre\" loading=\"lazy\" \/>\t\t\t\t\t\t\t\t\t\t\t\t\t\t\t<\/div>\n\t\t\t\t<\/div>\n\t\t\t\t\t<\/div>\n\t\t<\/div>\n\t\t\t\t\t<\/div>\n\t\t<\/section>\n\t\t\t\t<\/div>","protected":false},"excerpt":{"rendered":"<p>A brief history of Une Vie Pour Rien Vinyles At the beginning, in 1997, UVPR? was a fanzine run by me (Ben) and David \u00ab\u00a0Little\u00a0\u00bb. It was the easiest way for me to support the scene. It was cheap, I had time. We put out seven issues in about 10 years. We finished with the [&hellip;]<\/p>\n","protected":false},"author":1,"featured_media":40,"parent":0,"menu_order":0,"comment_status":"closed","ping_status":"closed","template":"","meta":{"_acf_changed":false,"episode_type":"","audio_file":"","podmotor_file_id":"","podmotor_episode_id":"","cover_image":"","cover_image_id":"","duration":"","filesize":"","filesize_raw":"","date_recorded":"","explicit":"","block":"","itunes_episode_number":"","itunes_title":"","itunes_season_number":"","itunes_episode_type":"","ocean_post_layout":"full-width","ocean_both_sidebars_style":"","ocean_both_sidebars_content_width":0,"ocean_both_sidebars_sidebars_width":0,"ocean_sidebar":"0","ocean_second_sidebar":"0","ocean_disable_margins":"enable","ocean_add_body_class":"","ocean_shortcode_before_top_bar":"","ocean_shortcode_after_top_bar":"","ocean_shortcode_before_header":"","ocean_shortcode_after_header":"","ocean_has_shortcode":"","ocean_shortcode_after_title":"","ocean_shortcode_before_footer_widgets":"","ocean_shortcode_after_footer_widgets":"","ocean_shortcode_before_footer_bottom":"","ocean_shortcode_after_footer_bottom":"","ocean_display_top_bar":"default","ocean_display_header":"default","ocean_header_style":"","ocean_center_header_left_menu":"0","ocean_custom_header_template":"0","ocean_custom_logo":0,"ocean_custom_retina_logo":0,"ocean_custom_logo_max_width":0,"ocean_custom_logo_tablet_max_width":0,"ocean_custom_logo_mobile_max_width":0,"ocean_custom_logo_max_height":0,"ocean_custom_logo_tablet_max_height":0,"ocean_custom_logo_mobile_max_height":0,"ocean_header_custom_menu":"0","ocean_menu_typo_font_family":"0","ocean_menu_typo_font_subset":"","ocean_menu_typo_font_size":0,"ocean_menu_typo_font_size_tablet":0,"ocean_menu_typo_font_size_mobile":0,"ocean_menu_typo_font_size_unit":"px","ocean_menu_typo_font_weight":"","ocean_menu_typo_font_weight_tablet":"","ocean_menu_typo_font_weight_mobile":"","ocean_menu_typo_transform":"","ocean_menu_typo_transform_tablet":"","ocean_menu_typo_transform_mobile":"","ocean_menu_typo_line_height":0,"ocean_menu_typo_line_height_tablet":0,"ocean_menu_typo_line_height_mobile":0,"ocean_menu_typo_line_height_unit":"","ocean_menu_typo_spacing":0,"ocean_menu_typo_spacing_tablet":0,"ocean_menu_typo_spacing_mobile":0,"ocean_menu_typo_spacing_unit":"","ocean_menu_link_color":"","ocean_menu_link_color_hover":"","ocean_menu_link_color_active":"","ocean_menu_link_background":"","ocean_menu_link_hover_background":"","ocean_menu_link_active_background":"","ocean_menu_social_links_bg":"","ocean_menu_social_hover_links_bg":"","ocean_menu_social_links_color":"","ocean_menu_social_hover_links_color":"","ocean_disable_title":"on","ocean_disable_heading":"default","ocean_post_title":"","ocean_post_subheading":"","ocean_post_title_style":"","ocean_post_title_background_color":"","ocean_post_title_background":0,"ocean_post_title_bg_image_position":"","ocean_post_title_bg_image_attachment":"","ocean_post_title_bg_image_repeat":"","ocean_post_title_bg_image_size":"","ocean_post_title_height":0,"ocean_post_title_bg_overlay":0.5,"ocean_post_title_bg_overlay_color":"","ocean_disable_breadcrumbs":"default","ocean_breadcrumbs_color":"","ocean_breadcrumbs_separator_color":"","ocean_breadcrumbs_links_color":"","ocean_breadcrumbs_links_hover_color":"","ocean_display_footer_widgets":"default","ocean_display_footer_bottom":"default","ocean_custom_footer_template":"0","footnotes":""},"class_list":["post-95","page","type-page","status-publish","has-post-thumbnail","hentry","entry","has-media","owp-thumbs-layout-horizontal","owp-btn-normal","owp-tabs-layout-horizontal","has-no-thumbnails"],"acf":[],"_links":{"self":[{"href":"https:\/\/www.uvpr.fr\/en\/wp-json\/wp\/v2\/pages\/95","targetHints":{"allow":["GET"]}}],"collection":[{"href":"https:\/\/www.uvpr.fr\/en\/wp-json\/wp\/v2\/pages"}],"about":[{"href":"https:\/\/www.uvpr.fr\/en\/wp-json\/wp\/v2\/types\/page"}],"author":[{"embeddable":true,"href":"https:\/\/www.uvpr.fr\/en\/wp-json\/wp\/v2\/users\/1"}],"replies":[{"embeddable":true,"href":"https:\/\/www.uvpr.fr\/en\/wp-json\/wp\/v2\/comments?post=95"}],"version-history":[{"count":0,"href":"https:\/\/www.uvpr.fr\/en\/wp-json\/wp\/v2\/pages\/95\/revisions"}],"wp:featuredmedia":[{"embeddable":true,"href":"https:\/\/www.uvpr.fr\/en\/wp-json\/wp\/v2\/media\/40"}],"wp:attachment":[{"href":"https:\/\/www.uvpr.fr\/en\/wp-json\/wp\/v2\/media?parent=95"}],"curies":[{"name":"wp","href":"https:\/\/api.w.org\/{rel}","templated":true}]}}