{"id":3,"date":"2020-10-22T11:00:52","date_gmt":"2020-10-22T09:00:52","guid":{"rendered":"http:\/\/www.uvpr.fr\/?page_id=3"},"modified":"2021-07-07T13:17:45","modified_gmt":"2021-07-07T11:17:45","slug":"politique-de-confidentialite","status":"publish","type":"page","link":"https:\/\/www.uvpr.fr\/en\/politique-de-confidentialite\/","title":{"rendered":"Personal data protection policy"},"content":{"rendered":"\t\t<div data-elementor-type=\"wp-page\" data-elementor-id=\"3\" class=\"elementor elementor-3\" data-elementor-post-type=\"page\">\n\t\t\t\t\t\t<section class=\"elementor-section elementor-top-section elementor-element elementor-element-05ab00d elementor-section-boxed elementor-section-height-default elementor-section-height-default\" data-id=\"05ab00d\" data-element_type=\"section\" data-e-type=\"section\">\n\t\t\t\t\t\t<div class=\"elementor-container elementor-column-gap-default\">\n\t\t\t\t\t<div class=\"elementor-column elementor-col-100 elementor-top-column elementor-element elementor-element-560dffe\" data-id=\"560dffe\" data-element_type=\"column\" data-e-type=\"column\">\n\t\t\t<div class=\"elementor-widget-wrap elementor-element-populated\">\n\t\t\t\t\t\t<div class=\"elementor-element elementor-element-26c770e elementor-widget elementor-widget-heading\" data-id=\"26c770e\" data-element_type=\"widget\" data-e-type=\"widget\" data-widget_type=\"heading.default\">\n\t\t\t\t<div class=\"elementor-widget-container\">\n\t\t\t\t\t<h1 class=\"elementor-heading-title elementor-size-default\">Politique de confidentialit\u00e9<\/h1>\t\t\t\t<\/div>\n\t\t\t\t<\/div>\n\t\t\t\t\t<\/div>\n\t\t<\/div>\n\t\t\t\t\t<\/div>\n\t\t<\/section>\n\t\t\t\t<section class=\"elementor-section elementor-top-section elementor-element elementor-element-adbee20 elementor-section-boxed elementor-section-height-default elementor-section-height-default\" data-id=\"adbee20\" data-element_type=\"section\" data-e-type=\"section\">\n\t\t\t\t\t\t<div class=\"elementor-container elementor-column-gap-default\">\n\t\t\t\t\t<div class=\"elementor-column elementor-col-100 elementor-top-column elementor-element elementor-element-bce3c15\" data-id=\"bce3c15\" data-element_type=\"column\" data-e-type=\"column\">\n\t\t\t<div class=\"elementor-widget-wrap elementor-element-populated\">\n\t\t\t\t\t\t<div class=\"elementor-element elementor-element-e0dc07e elementor-widget elementor-widget-text-editor\" data-id=\"e0dc07e\" data-element_type=\"widget\" data-e-type=\"widget\" data-widget_type=\"text-editor.default\">\n\t\t\t\t<div class=\"elementor-widget-container\">\n\t\t\t\t\t\t\t\t\t<p><u>Derni\u00e8re mise \u00e0 jour effectu\u00e9e le<\/u> : 07 Juillet 2021<\/p><h2>Pr\u00e9ambule<\/h2><p>Notre politique de protection des donn\u00e9es a \u00e9t\u00e9 \u00e9tablie en accord avec les pr\u00e9conisations de la Commission Nationale de l\u2019informatique et des libert\u00e9s. Elle a pour objectif d\u2019informer les utilisateurs du Site <a href=\"http:\/\/www.uvpr.fr\">www.uvpr.fr<\/a> \u00a0de la fa\u00e7on dont leurs donn\u00e9es personnelles sont trait\u00e9es et des engagements et mesures que nous avons pris afin de veiller au respect des donn\u00e9es \u00e0 caract\u00e8re personnel des visiteurs, utilisateurs et clients de l\u2019Association <em>Une Vie pour Rien\u00a0?.<\/em><\/p><p>Elle a \u00e9t\u00e9 \u00e9tablie conform\u00e9ment aux dispositions de la <em>Loi Informatique et Libert\u00e9 du 6 janvier 1978<\/em><em>, <\/em>du <em>R\u00e8glement Europ\u00e9en sur les Donn\u00e9es Personnelles (R.G.P.D.) du 23 mai 2018<\/em> et la <em>Loi de transposition du R\u00e8glement Europ\u00e9en sur la Protection des Donn\u00e9es Personnelles (R.G.P.D.) du 20 juin 2018<\/em>.<\/p><p><strong>\u00a0<\/strong><\/p><p>La version actuellement publi\u00e9e sur notre site internet est la version en vigueur de cette politique. L\u2019Association se r\u00e9serve le droit de la modifier \u00e0 tout instant afin de se conformer aux obligations l\u00e9gales en vigueur. Il est donc de la responsabilit\u00e9 de chaque utilisateur de consulter r\u00e9guli\u00e8rement cette politique afin de se tenir inform\u00e9 des derniers changements qui pourraient y \u00eatre apport\u00e9s.<\/p><p>En navigant sur notre site, l\u2019utilisateur reconna\u00eet avoir lu, compris et accepter la pr\u00e9sente politique de protection des donn\u00e9es.<\/p><h2>ARTICLE 1 \u2013 DEFINITIONS<\/h2><h2><u style=\"font-size: 14px; color: #4a4a4a;\">a) Termes techniques relatif \u00e0 la protection des donn\u00e9es personnelles<\/u><\/h2><p>Sur notre site, les termes ci-dessous ont la signification qui leur est attribu\u00e9e au sens du R.G.P.D. <em>(art.4<\/em>)\u00a0:<\/p><ul><li><strong>Consentement<\/strong>: \u00ab\u00a0<em>de la personne concern\u00e9e, toute manifestation de volont\u00e9, libre, sp\u00e9cifique, \u00e9clair\u00e9e et univoque par laquelle la personne concern\u00e9e accepte, par une d\u00e9claration ou par un acte positif clair, que des donn\u00e9es \u00e0 caract\u00e8re personnel la concernant fassent l&rsquo;objet d&rsquo;un traitement;<\/em>\u00a0\u00bb<\/li><\/ul><ul><li><strong>Donn\u00e9es \u00e0 caract\u00e8re personnel<\/strong>: \u00ab\u00a0<em>toute information se rapportant \u00e0 une personne physique identifi\u00e9e ou identifiable (ci-apr\u00e8s d\u00e9nomm\u00e9e \u00abpersonne concern\u00e9e\u00bb)\u00a0; est r\u00e9put\u00e9e \u00eatre une \u00abpersonne physique identifiable\u00bb une personne physique qui peut \u00eatre identifi\u00e9e, directement ou indirectement, notamment par r\u00e9f\u00e9rence \u00e0 un identifiant, tel qu&rsquo;un nom, un num\u00e9ro d&rsquo;identification, des donn\u00e9es de localisation, un identifiant en ligne, ou \u00e0 un ou plusieurs \u00e9l\u00e9ments sp\u00e9cifiques propres \u00e0 son identit\u00e9 physique, physiologique, g\u00e9n\u00e9tique, psychique, \u00e9conomique, culturelle ou sociale;<\/em>\u00a0\u00bb<\/li><\/ul><ul><li><strong>Responsable du traitement<\/strong>: <em>\u00ab\u00a0la personne physique ou morale, l&rsquo;autorit\u00e9 publique, le service ou un autre organisme qui, seul ou conjointement avec d&rsquo;autres, d\u00e9termine les finalit\u00e9s et les moyens du traitement; lorsque les finalit\u00e9s et les moyens de ce traitement sont d\u00e9termin\u00e9s par le droit de l&rsquo;Union ou le droit d&rsquo;un \u00c9tat membre, le responsable du traitement peut \u00eatre d\u00e9sign\u00e9 ou les crit\u00e8res sp\u00e9cifiques applicables \u00e0 sa d\u00e9signation peuvent \u00eatre pr\u00e9vus par le droit de l&rsquo;Union ou par le droit d&rsquo;un \u00c9tat membre;<\/em>\u00a0\u00bb<\/li><\/ul><ul><li><strong>Sous-traitant<\/strong>: \u00ab\u00a0<em>la personne physique ou morale, l&rsquo;autorit\u00e9 publique, le service ou un autre organisme qui traite des donn\u00e9es \u00e0 caract\u00e8re personnel pour le compte du responsable du traitement;<\/em>\u00a0\u00bb<\/li><\/ul><ul><li><strong>Traitement<\/strong>: \u00ab\u00a0<em>toute op\u00e9ration ou tout ensemble d&rsquo;op\u00e9rations effectu\u00e9es ou non \u00e0 l&rsquo;aide de proc\u00e9d\u00e9s automatis\u00e9s et appliqu\u00e9es \u00e0 des donn\u00e9es ou des ensembles de donn\u00e9es \u00e0 caract\u00e8re personnel, telles que la collecte, l&rsquo;enregistrement, l&rsquo;organisation, la structuration, la conservation, l&rsquo;adaptation ou la modification, l&rsquo;extraction, la consultation, l&rsquo;utilisation, la communication par transmission, la diffusion ou toute autre forme de mise \u00e0 disposition, le rapprochement ou l&rsquo;interconnexion, la limitation, l&rsquo;effacement ou la destruction<\/em>;\u00a0\u00bb<\/li><\/ul><ul><li><strong>Violation de donn\u00e9es \u00e0 caract\u00e8re personnel<\/strong>: \u00ab\u00a0<em>une violation de la s\u00e9curit\u00e9 entra\u00eenant, de mani\u00e8re accidentelle ou illicite, la destruction, la perte, l&rsquo;alt\u00e9ration, la divulgation non autoris\u00e9e de donn\u00e9es \u00e0 caract\u00e8re personnel transmises, conserv\u00e9es ou trait\u00e9es d&rsquo;une autre mani\u00e8re, ou l&rsquo;acc\u00e8s non autoris\u00e9 \u00e0 de telles donn\u00e9es;\u00a0<\/em><\/li><\/ul><div><u><b>\u00a0<\/b><\/u><\/div><div><u><b>b) Autres termes utilis\u00e9s aux pr\u00e9sentes<\/b><\/u><\/div><ul><li>\u00ab\u00a0<strong>Association<\/strong>\u00bb\u00a0: d\u00e9signe l\u2019association Une Vie Pour Rien au n\u00b0 Siren 478920002 dont le si\u00e8ge social est 5 rue Francis de Pressense 44000 NANTES.<\/li><\/ul><ul><li>\u00ab\u00a0<strong>Politique<\/strong>\u00bb\u00a0: d\u00e9signe la pr\u00e9sente Politique de Protection des Donn\u00e9es Personnelles ;<\/li><\/ul><ul><li>\u00ab\u00a0<strong>Site<\/strong>\u00bb\u00a0: d\u00e9signe le site internet <a href=\"http:\/\/www.uvpr.fr\">uvpr.fr<\/a> \u00a0ou tout autre site internet exploit\u00e9 par l\u2019Association et mis \u00e0 disposition dans le cadre des Services\u00a0;<\/li><\/ul><ul><li><strong>\u00ab\u00a0Utilisateur\u00a0\u00bb<\/strong>: d\u00e9signe tout individu utilisant le Site et ayant acc\u00e8s \u00e0 son contenu<\/li><\/ul><div>\u00a0<\/div><div>\u00a0<\/div><div>\u00a0<\/div><h2>ARTICLE 2 \u2013 DONNEES COLLECTEES<\/h2><h2><u style=\"font-size: 14px; color: #4a4a4a;\">a) Consentement<\/u><\/h2><p>En naviguant sur notre Site, l\u2019Utilisateur consent \u00e0 la collecte et au traitement des donn\u00e9es personnelles qu\u2019il renseigne. Ce consentement sert de base l\u00e9gale au traitement des donn\u00e9es collect\u00e9es.<\/p><p>L\u2019Association collecte et traite les donn\u00e9es strictement n\u00e9cessaires aux finalit\u00e9s pour lesquelles elles sont trait\u00e9es. Nous nous engageons aupr\u00e8s de nos utilisateurs \u00e0 ne pas traiter les donn\u00e9es pour des finalit\u00e9s diff\u00e9rentes que celles mentionn\u00e9es ci-dessous. Si nous devions proposer un nouveau service sur notre Site, n\u00e9cessitant la collecte et le traitement de donn\u00e9es, nous nous engageons \u00e0 collecter l\u2019accord de nos utilisateurs une nouvelle fois avant de lui proposer le nouveau service dont il est question.<\/p><p>Chaque fois que notre Site traite des donn\u00e9es personnelles, il prend toutes les mesures raisonnables pour s\u2019assurer de l\u2019exactitude et de la pertinence des donn\u00e9es personnelles au regard des finalit\u00e9s pour lesquelles il les traite.<\/p><p><u style=\"font-size: 14px;\">\u00a0<\/u><\/p><p><u style=\"font-size: 14px;\"><b>b) Acc\u00e8s aux donn\u00e9es<\/b><\/u><\/p><p>Les donn\u00e9es que nous collectons sur notre site sont \u00e0 notre seul usage exclusif. Les donn\u00e9es personnelles de nos utilisateurs ne sont pas communiqu\u00e9es \u00e0 des tiers mais peuvent \u00eatre accessibles par nos prestataires et sous-traitants informatiques dans le cadre de la maintenance et du d\u00e9veloppement du Site. Les donn\u00e9es personnelles accessibles par nos prestataires et sous-traitants ne sont pas trait\u00e9es, ni collect\u00e9es ni exploit\u00e9es par ces derniers qui peuvent uniquement y avoir acc\u00e8s pour la maintenance informatique.<\/p><p>Le responsable du traitement de vos donn\u00e9es de l\u2019Association Une Vie Pour Rien est joignable \u00e0 l\u2019adresse suivante\u00a0: <a href=\"mailto:contact_uvpr@yahoo.fr\">contact_uvpr@yahoo.fr<\/a>. En tant que responsable du traitement des donn\u00e9es qu\u2019il collecte, il s\u2019engage \u00e0 respecter le cadre des dispositions l\u00e9gales en vigueur. Il lui appartient notamment de fournir aux utilisateurs, une information compl\u00e8te sur le traitement de leurs donn\u00e9es personnelles et de maintenir un registre des traitements conforme \u00e0 la r\u00e9alit\u00e9.<\/p><h2>ARTICLE 3 \u2013 FINALITE DES TRAITEMENTS<\/h2><p>Nous collectons les donn\u00e9es des utilisateurs uniquement pour les finalit\u00e9s de traitement suivantes\u00a0:<\/p><p><strong style=\"font-size: 14px;\">a) Navigation sur notre site<\/strong><span style=\"font-size: 14px;\">: Notre Association collecte vos informations de navigation \u00e0 des fins uniquement d\u2019\u00e9tudes statistiques. Nous vous invitons \u00e0 vous r\u00e9f\u00e9rer \u00e0 notre politique correspondante en mati\u00e8re de cookies.<\/span><\/p><p><strong style=\"font-size: 14px;\">b) Cr\u00e9ation d\u2019un compte Client\u00a0<\/strong><span style=\"font-size: 14px;\">: Pour passer commande sur le Site, l\u2019Utilisateur peut se cr\u00e9er un compte client. Il doit \u00e0 cet effet renseigner son nom, pr\u00e9nom, adresse, pays et courriel ainsi qu\u2019une num\u00e9ro de t\u00e9l\u00e9phone (facultatif). Les informations sont trait\u00e9es uniquement aux fins de traitement des commandes.<\/span><\/p><p><strong style=\"font-size: 14px;\">c) Passer commande\u00a0<\/strong><span style=\"font-size: 14px;\">: Pour passer commande sur le Site, tout Client doit renseigner une adresse de livraison. Ces donn\u00e9es sont trait\u00e9es uniquement aux fins de livraison et de traitement de la commande.<\/span><\/p><p><strong style=\"font-size: 14px;\">d) Pr\u00e9venir et lutter contre la fraude informatique<\/strong><span style=\"font-size: 14px;\"> (<\/span><em style=\"font-size: 14px;\">spamming, hacking, etc<\/em><span style=\"font-size: 14px;\">.)\u00a0: mat\u00e9riel informatique utilis\u00e9 pour la navigation, l\u2019adresse IP, le mot de passe.<\/span><\/p><p><span style=\"font-size: 14px;\">\u00a0<\/span><\/p><p>Nous ne d\u00e9passons pas les d\u00e9lais l\u00e9gaux de conservation des donn\u00e9es et vos donn\u00e9es sont conserv\u00e9es uniquement pour la dur\u00e9e n\u00e9cessaire aux traitements des finalit\u00e9s pour lesquelles elles ont \u00e9t\u00e9 collect\u00e9es.<\/p><h2>ARTICLE 4 \u2013 NON-COMMUNICATION DES DONNEES PERSONNELLES<\/h2><p>Notre Association s\u2019interdit de traiter, h\u00e9berger ou transf\u00e9rer les Informations collect\u00e9es sur ses utilisateurs vers un pays situ\u00e9 en dehors de l\u2019Union europ\u00e9enne ou reconnu comme \u00ab\u00a0<em>non ad\u00e9quat<\/em>\u00a0\u00bb par la Commission europ\u00e9enne sans en informer pr\u00e9alablement le propri\u00e9taire des donn\u00e9es.<\/p><p>Pour autant, notre Association reste libre du choix de ses sous-traitants techniques et commerciaux \u00e0 la condition qu\u2019ils pr\u00e9sentent les garanties suffisantes au regard des exigences du <strong>R\u00e8glement G\u00e9n\u00e9ral sur la Protection des Donn\u00e9es<\/strong> (<em>RGPD\u00a0: n\u00b0 2016-679<\/em>). Les Donn\u00e9es Personnelles de l\u2019Utilisateur peuvent \u00eatre trait\u00e9es par des filiales de notre Association\u00a0\u00a0et des sous-traitants (prestataires de services), exclusivement afin de r\u00e9aliser les finalit\u00e9s de la pr\u00e9sente politique.<\/p><p>Quand l\u2019Association recourt aux services de prestataires ces derniers disposent d&rsquo;un acc\u00e8s limit\u00e9 aux donn\u00e9es de l&rsquo;utilisateur, dans le cadre de l&rsquo;ex\u00e9cution de ces prestations et ont une obligation contractuelle de les utiliser en conformit\u00e9 avec les dispositions de la r\u00e9glementation applicable en mati\u00e8re protection des donn\u00e9es \u00e0 caract\u00e8re personnel.<\/p><p>L\u2019Association s\u2019engage \u00e0 prendre toutes les pr\u00e9cautions n\u00e9cessaires afin de pr\u00e9server la s\u00e9curit\u00e9 des Informations et notamment qu\u2019elles ne soient pas communiqu\u00e9es \u00e0 des personnes non autoris\u00e9es.<\/p><h2>ARTICLE 5 \u2013 SECURITE DES DONNEES ET NOTIFICATION D\u2019INCIDENT<\/h2><p>Notre Site et notre Association ont pris toutes les pr\u00e9cautions utiles et n\u00e9cessaires, au regard de l\u2019\u00e9tat de l\u2019art en la mati\u00e8re, pour prot\u00e9ger vos informations dans un environnement s\u00e9curis\u00e9 en vue d\u2019\u00e9viter toute destruction, perte, alt\u00e9ration, diffusion ou acc\u00e8s non autoris\u00e9. Quels que soient les efforts fournis, aucune m\u00e9thode de transmission sur Internet et aucune m\u00e9thode de stockage \u00e9lectronique n&rsquo;est compl\u00e8tement s\u00fbre. Nous ne pouvons en cons\u00e9quence pas garantir une s\u00e9curit\u00e9 absolue. Si nous prenions connaissance d&rsquo;une br\u00e8che de la s\u00e9curit\u00e9, nous avertirions les utilisateurs concern\u00e9s afin qu&rsquo;ils puissent prendre les mesures appropri\u00e9es. Nos proc\u00e9dures de notification d\u2019incident tiennent compte de nos obligations l\u00e9gales, qu&rsquo;elles se situent au niveau national ou europ\u00e9en.<\/p><p>Dans le cas o\u00f9 l\u2019int\u00e9grit\u00e9 et la confidentialit\u00e9 de vos donn\u00e9es sont compromises, le responsable du traitement s\u2019engage \u00e0 respecter les proc\u00e9dures mises en place au titre de la <strong>Loi Informatiques et Libert\u00e9s du 6 janvier 1978<\/strong> et du <strong>R\u00e8glement Europ\u00e9en sur la Protection des Donn\u00e9es (\u00ab\u00a0RGPD\u00a0\u00bb).<\/strong><\/p><p><strong>\u00a0<\/strong><\/p><h2>ARTICLE 6 \u2013 DROITS DES PERSONNES<\/h2><p>Au regard des dispositions l\u00e9gales de <em>la Loi Informatiques et Libert\u00e9s du 6 janvier 1978<\/em> et du <em>R\u00e8glement Europ\u00e9en sur la Protection des Donn\u00e9es (\u00ab\u00a0R.G.P.D\u00a0\u00bb),<\/em> les utilisateurs de notre Site disposent des droits suivants\u00a0:<\/p><p><span style=\"font-size: 14px;\">a)<\/span><strong style=\"font-size: 14px;\"> droit d&rsquo;acc\u00e8s<\/strong><span style=\"font-size: 14px;\"> (<\/span><em style=\"font-size: 14px;\">article 15 RGPD<\/em><span style=\"font-size: 14px;\">) et de <\/span><strong style=\"font-size: 14px;\">rectification<\/strong><span style=\"font-size: 14px;\"> (<\/span><em style=\"font-size: 14px;\">article 16 RGPD<\/em><span style=\"font-size: 14px;\">), de <\/span><strong style=\"font-size: 14px;\">mise \u00e0 jour<\/strong><span style=\"font-size: 14px;\">, de <\/span><strong style=\"font-size: 14px;\">compl\u00e9tude<\/strong><span style=\"font-size: 14px;\"> des donn\u00e9es des Utilisateurs, droit de <\/span><strong style=\"font-size: 14px;\">verrouillage<\/strong><span style=\"font-size: 14px;\"> ou <\/span><strong style=\"font-size: 14px;\">d\u2019effacement<\/strong><span style=\"font-size: 14px;\"> des donn\u00e9es des Utilisateurs \u00e0 caract\u00e8re personnel (<\/span><em style=\"font-size: 14px;\">article 17 du RGPD<\/em><span style=\"font-size: 14px;\">), lorsqu\u2019elles sont inexactes, incompl\u00e8tes, \u00e9quivoques, p\u00e9rim\u00e9es, ou dont la collecte, l&rsquo;utilisation, la communication ou la conservation est interdit<\/span><\/p><p><span style=\"font-size: 14px;\">b) droit de <\/span><strong style=\"font-size: 14px;\">retirer<\/strong><span style=\"font-size: 14px;\"> \u00e0 tout moment un consentement (<\/span><em style=\"font-size: 14px;\">article 13-2c RGPD<\/em><span style=\"font-size: 14px;\">)<\/span><\/p><p><span style=\"font-size: 14px;\">c) droit \u00e0 la <\/span><strong style=\"font-size: 14px;\">limitation<\/strong><span style=\"font-size: 14px;\"> du traitement des donn\u00e9es des Utilisateurs (<\/span><em style=\"font-size: 14px;\">article 18 RGPD<\/em><span style=\"font-size: 14px;\">)<\/span><\/p><p><span style=\"font-size: 14px;\">d) droit <\/span><strong style=\"font-size: 14px;\">d\u2019opposition<\/strong><span style=\"font-size: 14px;\"> au traitement des donn\u00e9es des Utilisateurs (<\/span><em style=\"font-size: 14px;\">article 21 RGPD<\/em><span style=\"font-size: 14px;\">)<\/span><\/p><p><span style=\"font-size: 14px;\">e) droit \u00e0 la <\/span><strong style=\"font-size: 14px;\">portabilit\u00e9<\/strong><span style=\"font-size: 14px;\"> des donn\u00e9es que les Utilisateurs auront fournies, lorsque ces donn\u00e9es font l\u2019objet de traitements automatis\u00e9s fond\u00e9s sur leur consentement ou sur un contrat (<\/span><em style=\"font-size: 14px;\">article 20 RGPD)<\/em><\/p><p><span style=\"font-size: 14px;\">f) droit de <\/span><strong style=\"font-size: 14px;\">d\u00e9finir le sort des donn\u00e9es<\/strong><span style=\"font-size: 14px;\"> des Utilisateurs apr\u00e8s leur mort et de choisir \u00e0 qui l\u2019Association devra communiquer (<\/span><em style=\"font-size: 14px;\">ou non<\/em><span style=\"font-size: 14px;\">) ses donn\u00e9es \u00e0 un tiers qu\u2019il aura pr\u00e9alablement d\u00e9sign\u00e9.<\/span><\/p><p><span style=\"font-size: 14px;\">\u00a0<\/span><\/p><p>Notre site et notre Association ne peuvent pas s\u2019opposer \u00e0 la demande d\u2019exercice de leurs droits par les utilisateurs.<\/p><p>Toute autre demande peut s\u2019effectuer \u00e0 tout moment par voie \u00e9lectronique \u00e0 l\u2019adresse suivante\u00a0: <a href=\"mailto:contact_uvpr@yahoo.fr\">contact_uvpr@yahoo.fr<\/a>. Les demandes seront trait\u00e9es dans un d\u00e9lai de dix (10) jours ouvr\u00e9s sauf motif imp\u00e9rieux avanc\u00e9 et justifi\u00e9 par notre Association justifiant un rallongement du d\u00e9lai.<\/p><h2>ARTICLE 7 \u2013 SAISINE DE LA CNIL<\/h2><p>Si notre Association ne satisfait pas la demande de l\u2019utilisateur, ce dernier est en droit de saisir la CNIL (<em>Commission Nationale de l\u2019Informatique et des Libert\u00e9s, <\/em><a href=\"https:\/\/www.cnil.fr\" target=\"_blank\" rel=\"noopener\"><em>https:\/\/www.cnil.fr<\/em><\/a>) afin de faire pr\u00e9valoir ses droits.<\/p><h2>ARTICLE 8 \u2013 AGE MINIMUM<\/h2><p>Conform\u00e9ment aux dispositions de <em>l\u2019article 8 du R.G.P.D.,<\/em> nous ne collectons pas, directement ou indirectement, de donn\u00e9es \u00e0 caract\u00e8re personnel de personnes \u00e2g\u00e9es de moins de seize (16) ans sans l\u2019accord de leur tuteur l\u00e9gal. Les utilisateurs de moins de seize (16) ans sont invit\u00e9s \u00e0 solliciter l\u2019accord d\u2019un repr\u00e9sentant l\u00e9gal \u2013 requis par Une Vie Pour Rien \u2013 afin que ses donn\u00e9es \u00e0 caract\u00e8re personnel puissent \u00eatre collect\u00e9es et pour pouvoir utiliser les services du Site.<\/p><p>Une Vie Pour Rien se r\u00e9serve le droit de demander un justificatif de cet accord du repr\u00e9sentant l\u00e9gal. La responsabilit\u00e9 de notre Association ne pourra pas \u00eatre recherch\u00e9e en cas de fourniture par tout utilisateur de donn\u00e9es personnelles concernant un mineur de moins de seize (16) ans.<\/p><h2>ARTICLE 9 \u2013 DEFINITION DES COOKIES<\/h2><p>L\u2019utilisateur est inform\u00e9 qu\u2019un cookie est un petit fichier d\u00e9pos\u00e9 sur le terminal de tout utilisateur (<em>ordinateur, tablette ou appareil mobile<\/em>), par notre site, lors de sa consultation. Il ne contient aucune information personnelle, mais permet de faire le lien entre l\u2019appareil de l\u2019utilisateur et ses pr\u00e9f\u00e9rences d\u2019utilisation et d\u2019exp\u00e9rience sur notre site (<em><u>ex<\/u><\/em><em>\u00a0: le lieu, la langue, la taille des caract\u00e8res<\/em>).<\/p><h2>ARTICLE 10 \u2013 CONSENTEMENT EN MATIERE D\u2019UTILISATION DES COOKIES<\/h2><p>Pour l\u2019utilisation de fichiers \u00ab\u00a0<em>cookies<\/em>\u00a0\u00bb impliquant la sauvegarde et l\u2019analyse de donn\u00e9es \u00e0 caract\u00e8re personnel, le consentement de l\u2019utilisateur est toujours demand\u00e9. Ce consentement est valide pour une dur\u00e9e de treize (13) mois, au terme duquel une nouvelle autorisation sera demand\u00e9e \u00e0 l\u2019utilisateur.<\/p><h2>ARTICLE 11 \u2013 UTILISATION DES COOKIES<\/h2><p>Nous utilisons et collectons les cookies aux fins de\u00a0:<\/p><ul><li>De traiter des statistiques et informations sur le trafic sur notre site et d\u2019optimiser au mieux ce dernier\u00a0;<\/li><li>De proposer \u00e0 nos utilisateurs une exp\u00e9rience de navigation fluide en adaptant la pr\u00e9sentation de notre site aux pr\u00e9f\u00e9rences d\u2019affichage du terminal de l\u2019utilisateur\u00a0;<\/li><li>De m\u00e9moriser des informations fournies sur la plateforme par l\u2019utilisateur.<\/li><\/ul><div>Les cookies pr\u00e9sents sur notre Site sont les suivants :<\/div>\t\t\t\t\t\t\t\t<\/div>\n\t\t\t\t<\/div>\n\t\t\t\t<div class=\"elementor-element elementor-element-bab40b6 elementor-widget elementor-widget-shortcode\" data-id=\"bab40b6\" data-element_type=\"widget\" data-e-type=\"widget\" data-widget_type=\"shortcode.default\">\n\t\t\t\t<div class=\"elementor-widget-container\">\n\t\t\t\t\t\t\t<div class=\"elementor-shortcode\">[cookie_audit category=\"necessary\" style=\"winter\" columns=\"cookie,duration,description\"]<\/div>\n\t\t\t\t\t\t<\/div>\n\t\t\t\t<\/div>\n\t\t\t\t<div class=\"elementor-element elementor-element-7f29bc4 elementor-widget elementor-widget-text-editor\" data-id=\"7f29bc4\" data-element_type=\"widget\" data-e-type=\"widget\" data-widget_type=\"text-editor.default\">\n\t\t\t\t<div class=\"elementor-widget-container\">\n\t\t\t\t\t\t\t\t\t<div>\u00a0<\/div><h2>ARTICLE 12 \u2013 PARAMETRAGE DU LOGICIEL DE NAVIGATION<\/h2><p>L\u2019utilisateur peut configurer son logiciel de navigation de mani\u00e8re \u00e0 param\u00e9trer ses choix en mati\u00e8re d\u2019utilisation des cookies\u00a0:<\/p><ul><li>Pour Microsoft Edge<sup>TM<\/sup>: <a href=\"https:\/\/support.microsoft.com\/en-us\/microsoft-edge\" target=\"_blank\" rel=\"noopener\">https:\/\/support.microsoft.com\/en-us\/microsoft-edge<\/a><\/li><li>Pour Safari<sup>TM\u00a0: <\/sup><a href=\"https:\/\/support.apple.com\/fr-fr\/guide\/safari\/sfri11471\/mac\" target=\"_blank\" rel=\"noopener\">http:\/\/docs.info.apple.com\/article.html?path=Safari\/3.0\/fr\/9277.html<\/a><\/li><li>Pour Chrome<sup>TM\u00a0<\/sup>: <a href=\"http:\/\/support.google.com\/chrome\/bin\/answer.py?hl=fr&amp;hlrm=en&amp;answer=95647\" target=\"_blank\" rel=\"noopener\">http:\/\/support.google.com\/chrome\/bin\/answer.py?hl=fr&amp;hlrm=en&amp;answer=95647<\/a><\/li><li>Pour Firefox<sup>TM\u00a0<\/sup>: <a href=\"http:\/\/support.mozilla.org\/fr\/kb\/Activer%20et%20d%C3%A9sactiver%20les%20cookies\" target=\"_blank\" rel=\"noopener\">http:\/\/support.mozilla.org\/fr\/kb\/Activer%20et%20d%C3%A9sactiver%20les%20cookies<\/a><\/li><li>Pour Opera<sup>TM\u00a0<\/sup>: <a href=\"http:\/\/help.opera.com\/Windows\/10.20\/fr\/cookies.html\" target=\"_blank\" rel=\"noopener\">http:\/\/help.opera.com\/Windows\/10.20\/fr\/cookies.html<\/a><\/li><\/ul><p>L\u2019utilisateur peut \u00e9galement param\u00e9trer son navigateur pour accepter ou refuser au cas par cas les cookies avant leur installation, ou supprimer les cookies de son terminal. L\u2019utilisateur est inform\u00e9 qu\u2019en param\u00e9trant son navigateur pour refuser les cookies, certaines fonctionnalit\u00e9s de notre site pourraient ne pas \u00eatre accessibles et la responsabilit\u00e9 de notre Association ou de l\u2019h\u00e9bergeur ne pourrait \u00eatre recherch\u00e9e \u00e0 ce titre.<\/p><h2>ARTICLE 13 \u2013 PARAMETRAGE DES RESEAUX SOCIAUX<\/h2><p>En cliquant sur les ic\u00f4nes d\u00e9di\u00e9es aux r\u00e9seaux sociaux<em>, Facebook et Bandcamp <\/em>figurant sur notre site et si l\u2019utilisateur a accept\u00e9 le d\u00e9p\u00f4t de cookies en poursuivant sa navigation sur le site, ces r\u00e9seaux sociaux peuvent \u00e9galement d\u00e9poser des cookies sur les terminaux de l\u2019utilisateur.<\/p><p>L\u2019utilisateur peut consulter la politique de protection des donn\u00e9es de ces r\u00e9seaux sociaux pour param\u00e9trer les cookies\u00a0:<\/p><ul><li>Facebook\u00a0: <a href=\"https:\/\/www.facebook.com\/about\/privacy\/\" target=\"_blank\" rel=\"noopener\">https:\/\/www.facebook.com\/about\/privacy\/<\/a><\/li><li>Bandcamp : <a href=\"https:\/\/bandcamp.com\/privacy\" target=\"_blank\" rel=\"noopener\">https:\/\/bandcamp.com\/privacy<\/a><\/li><\/ul><div>\u00a0<\/div><div>\u00a0<\/div><div>\u00a0<\/div><h2>ARTICLE 14 \u2013 MODIFICATION DE LA POLITIQUE DE CONFIDENTIALITE<\/h2><p>Une Vie Pour Rien se r\u00e9serve le droit de modifier la pr\u00e9sente Politique \u00e0 tout moment. Si une modification est apport\u00e9e \u00e0 la pr\u00e9sente Politique, la nouvelle version sera publi\u00e9e imm\u00e9diatement sur le Site. Si l\u2019Utilisateur n\u2019est pas d\u2019accord avec les termes de la nouvelle r\u00e9daction de la politique, il a la possibilit\u00e9 de ne plus utiliser les Services du Site et de ne plus naviguer sur le Site.<\/p>\t\t\t\t\t\t\t\t<\/div>\n\t\t\t\t<\/div>\n\t\t\t\t\t<\/div>\n\t\t<\/div>\n\t\t\t\t\t<\/div>\n\t\t<\/section>\n\t\t\t\t<\/div>\n\t\t","protected":false},"excerpt":{"rendered":"<p>Derni\u00e8re mise \u00e0 jour effectu\u00e9e le : 07 Juillet 2021 Pr\u00e9ambule Notre politique de protection des donn\u00e9es a \u00e9t\u00e9 \u00e9tablie en accord avec les pr\u00e9conisations de la Commission Nationale de l\u2019informatique et des libert\u00e9s. Elle a pour objectif d\u2019informer les utilisateurs du Site www.uvpr.fr \u00a0de la fa\u00e7on dont leurs donn\u00e9es personnelles sont trait\u00e9es et des [&hellip;]<\/p>\n","protected":false},"author":1,"featured_media":0,"parent":0,"menu_order":0,"comment_status":"closed","ping_status":"closed","template":"","meta":{"_acf_changed":false,"episode_type":"","audio_file":"","podmotor_file_id":"","podmotor_episode_id":"","cover_image":"","cover_image_id":"","duration":"","filesize":"","filesize_raw":"","date_recorded":"","explicit":"","block":"","itunes_episode_number":"","itunes_title":"","itunes_season_number":"","itunes_episode_type":"","ocean_post_layout":"full-width","ocean_both_sidebars_style":"","ocean_both_sidebars_content_width":0,"ocean_both_sidebars_sidebars_width":0,"ocean_sidebar":"0","ocean_second_sidebar":"0","ocean_disable_margins":"enable","ocean_add_body_class":"","ocean_shortcode_before_top_bar":"","ocean_shortcode_after_top_bar":"","ocean_shortcode_before_header":"","ocean_shortcode_after_header":"","ocean_has_shortcode":"","ocean_shortcode_after_title":"","ocean_shortcode_before_footer_widgets":"","ocean_shortcode_after_footer_widgets":"","ocean_shortcode_before_footer_bottom":"","ocean_shortcode_after_footer_bottom":"","ocean_display_top_bar":"default","ocean_display_header":"default","ocean_header_style":"","ocean_center_header_left_menu":"0","ocean_custom_header_template":"0","ocean_custom_logo":0,"ocean_custom_retina_logo":0,"ocean_custom_logo_max_width":0,"ocean_custom_logo_tablet_max_width":0,"ocean_custom_logo_mobile_max_width":0,"ocean_custom_logo_max_height":0,"ocean_custom_logo_tablet_max_height":0,"ocean_custom_logo_mobile_max_height":0,"ocean_header_custom_menu":"0","ocean_menu_typo_font_family":"0","ocean_menu_typo_font_subset":"","ocean_menu_typo_font_size":0,"ocean_menu_typo_font_size_tablet":0,"ocean_menu_typo_font_size_mobile":0,"ocean_menu_typo_font_size_unit":"px","ocean_menu_typo_font_weight":"","ocean_menu_typo_font_weight_tablet":"","ocean_menu_typo_font_weight_mobile":"","ocean_menu_typo_transform":"","ocean_menu_typo_transform_tablet":"","ocean_menu_typo_transform_mobile":"","ocean_menu_typo_line_height":0,"ocean_menu_typo_line_height_tablet":0,"ocean_menu_typo_line_height_mobile":0,"ocean_menu_typo_line_height_unit":"","ocean_menu_typo_spacing":0,"ocean_menu_typo_spacing_tablet":0,"ocean_menu_typo_spacing_mobile":0,"ocean_menu_typo_spacing_unit":"","ocean_menu_link_color":"","ocean_menu_link_color_hover":"","ocean_menu_link_color_active":"","ocean_menu_link_background":"","ocean_menu_link_hover_background":"","ocean_menu_link_active_background":"","ocean_menu_social_links_bg":"","ocean_menu_social_hover_links_bg":"","ocean_menu_social_links_color":"","ocean_menu_social_hover_links_color":"","ocean_disable_title":"default","ocean_disable_heading":"default","ocean_post_title":"","ocean_post_subheading":"","ocean_post_title_style":"","ocean_post_title_background_color":"","ocean_post_title_background":0,"ocean_post_title_bg_image_position":"","ocean_post_title_bg_image_attachment":"","ocean_post_title_bg_image_repeat":"","ocean_post_title_bg_image_size":"","ocean_post_title_height":0,"ocean_post_title_bg_overlay":0.5,"ocean_post_title_bg_overlay_color":"","ocean_disable_breadcrumbs":"default","ocean_breadcrumbs_color":"","ocean_breadcrumbs_separator_color":"","ocean_breadcrumbs_links_color":"","ocean_breadcrumbs_links_hover_color":"","ocean_display_footer_widgets":"default","ocean_display_footer_bottom":"default","ocean_custom_footer_template":"0","footnotes":""},"class_list":["post-3","page","type-page","status-publish","hentry","entry","owp-thumbs-layout-horizontal","owp-btn-normal","owp-tabs-layout-horizontal","has-no-thumbnails"],"acf":[],"_links":{"self":[{"href":"https:\/\/www.uvpr.fr\/en\/wp-json\/wp\/v2\/pages\/3","targetHints":{"allow":["GET"]}}],"collection":[{"href":"https:\/\/www.uvpr.fr\/en\/wp-json\/wp\/v2\/pages"}],"about":[{"href":"https:\/\/www.uvpr.fr\/en\/wp-json\/wp\/v2\/types\/page"}],"author":[{"embeddable":true,"href":"https:\/\/www.uvpr.fr\/en\/wp-json\/wp\/v2\/users\/1"}],"replies":[{"embeddable":true,"href":"https:\/\/www.uvpr.fr\/en\/wp-json\/wp\/v2\/comments?post=3"}],"version-history":[{"count":0,"href":"https:\/\/www.uvpr.fr\/en\/wp-json\/wp\/v2\/pages\/3\/revisions"}],"wp:attachment":[{"href":"https:\/\/www.uvpr.fr\/en\/wp-json\/wp\/v2\/media?parent=3"}],"curies":[{"name":"wp","href":"https:\/\/api.w.org\/{rel}","templated":true}]}}